{"id":12588,"date":"2024-01-03T18:36:52","date_gmt":"2024-01-03T23:36:52","guid":{"rendered":"https:\/\/caravanaamericana.com\/?page_id=12588"},"modified":"2024-01-31T20:51:49","modified_gmt":"2024-02-01T01:51:49","slug":"caravana-destination","status":"publish","type":"page","link":"https:\/\/caravanaamericana.com\/en\/caravana-destination\/","title":{"rendered":"DESIGNERS"},"content":{"rendered":"<h2>Caravana Destination<\/h2>\n<figure class='gallery-item'>\n\t\t\t\t<a data-elementor-open-lightbox=\"yes\" data-elementor-lightbox-slideshow=\"72b13cf\" data-elementor-lightbox-title=\"AndJacob-disenadorca12\" data-e-action-hash=\"#elementor-action%3Aaction%3Dlightbox%26settings%3DeyJpZCI6NjM5OSwidXJsIjoiaHR0cHM6XC9cL2NhcmF2YW5hYW1lcmljYW5hLmNvbVwvd3AtY29udGVudFwvdXBsb2Fkc1wvMjAyMlwvMDVcL0FuZEphY29iLWRpc2VuYWRvcmNhMTIuanBnIiwic2xpZGVzaG93IjoiNzJiMTNjZiJ9\" href='https:\/\/caravanaamericana.com\/andjacob-disenadorca12\/'><img loading=\"lazy\" width=\"300\" height=\"300\" src=\"https:\/\/caravanaamericana.com\/wp-content\/uploads\/2022\/05\/AndJacob-disenadorca12-300x300.jpg\" alt=\"\" aria-describedby=\"gallery-3-6399\" decoding=\"async\" loading=\"lazy\" srcset=\"https:\/\/caravanaamericana.com\/wp-content\/uploads\/2022\/05\/AndJacob-disenadorca12-300x300.jpg 300w, https:\/\/caravanaamericana.com\/wp-content\/uploads\/2022\/05\/AndJacob-disenadorca12-150x150.jpg 150w, https:\/\/caravanaamericana.com\/wp-content\/uploads\/2022\/05\/AndJacob-disenadorca12.jpg 643w\" sizes=\"auto, (max-width: 300px) 100vw, 300px\" \/><\/a><figcaption class='wp-caption-text gallery-caption' id='gallery-3-6399'>\n\t\t\t\tAND JACOB <a href=\"https:\/\/caravanaamericana.com\/and-jacob-caravana-12\/\" target=\"_blank\" rel=\"noopener noreferrer\"><\/a><br \/>\n\t\t\t\t<\/figcaption><\/figure>\n<figure class='gallery-item'>\n\t\t\t\t<a data-elementor-open-lightbox=\"yes\" data-elementor-lightbox-slideshow=\"72b13cf\" data-elementor-lightbox-title=\"Adriana-Santacruz-disenadorca14\" data-e-action-hash=\"#elementor-action%3Aaction%3Dlightbox%26settings%3DeyJpZCI6ODk1MSwidXJsIjoiaHR0cHM6XC9cL2NhcmF2YW5hYW1lcmljYW5hLmNvbVwvd3AtY29udGVudFwvdXBsb2Fkc1wvMjAyM1wvMDJcL0FkcmlhbmEtU2FudGFjcnV6LWRpc2VuYWRvcmNhMTQuanBnIiwic2xpZGVzaG93IjoiNzJiMTNjZiJ9\" href='https:\/\/caravanaamericana.com\/adriana-santacruz-disenadorca14\/'><img loading=\"lazy\" width=\"300\" height=\"300\" src=\"https:\/\/caravanaamericana.com\/wp-content\/uploads\/2023\/02\/Adriana-Santacruz-disenadorca14-300x300.jpg\" alt=\"\" aria-describedby=\"gallery-3-8951\" decoding=\"async\" loading=\"lazy\" srcset=\"https:\/\/caravanaamericana.com\/wp-content\/uploads\/2023\/02\/Adriana-Santacruz-disenadorca14.jpg 300w, https:\/\/caravanaamericana.com\/wp-content\/uploads\/2023\/02\/Adriana-Santacruz-disenadorca14-150x150.jpg 150w\" sizes=\"auto, (max-width: 300px) 100vw, 300px\" \/><\/a><figcaption class='wp-caption-text gallery-caption' id='gallery-3-8951'>\n\t\t\t\tADRIANA SANTACRUZ<a href=\"https:\/\/caravanaamericana.com\/adriana-santacruz-caravana-14\/\" target=\"_blank\" rel=\"noopener noreferrer\"><\/a><br \/>\n\t\t\t\t<\/figcaption><\/figure>\n<figure class='gallery-item'>\n\t\t\t\t<a data-elementor-open-lightbox=\"yes\" data-elementor-lightbox-slideshow=\"72b13cf\" data-elementor-lightbox-title=\"Agnes-disenadorca13\" data-e-action-hash=\"#elementor-action%3Aaction%3Dlightbox%26settings%3DeyJpZCI6NzA1MiwidXJsIjoiaHR0cHM6XC9cL2NhcmF2YW5hYW1lcmljYW5hLmNvbVwvd3AtY29udGVudFwvdXBsb2Fkc1wvMjAyMlwvMDlcL0FnbmVzLWRpc2VuYWRvcmNhMTMuanBnIiwic2xpZGVzaG93IjoiNzJiMTNjZiJ9\" href='https:\/\/caravanaamericana.com\/agnes-disenadorca13\/'><img loading=\"lazy\" width=\"300\" height=\"300\" src=\"https:\/\/caravanaamericana.com\/wp-content\/uploads\/2022\/09\/Agnes-disenadorca13-300x300.jpg\" alt=\"\" aria-describedby=\"gallery-3-7052\" decoding=\"async\" loading=\"lazy\" srcset=\"https:\/\/caravanaamericana.com\/wp-content\/uploads\/2022\/09\/Agnes-disenadorca13-300x300.jpg 300w, https:\/\/caravanaamericana.com\/wp-content\/uploads\/2022\/09\/Agnes-disenadorca13-150x150.jpg 150w, https:\/\/caravanaamericana.com\/wp-content\/uploads\/2022\/09\/Agnes-disenadorca13.jpg 643w\" sizes=\"auto, (max-width: 300px) 100vw, 300px\" \/><\/a><figcaption class='wp-caption-text gallery-caption' id='gallery-3-7052'>\n\t\t\t\tAGNES <a href=\"https:\/\/caravanaamericana.com\/agnes-caravana-13\/\" target=\"_blank\" rel=\"noopener noreferrer\"><\/a><br \/>\n\t\t\t\t<\/figcaption><\/figure>\n<figure class='gallery-item'>\n\t\t\t\t<a data-elementor-open-lightbox=\"yes\" data-elementor-lightbox-slideshow=\"72b13cf\" data-elementor-lightbox-title=\"Amenas-disenadorca14\" data-e-action-hash=\"#elementor-action%3Aaction%3Dlightbox%26settings%3DeyJpZCI6OTI1MywidXJsIjoiaHR0cHM6XC9cL2NhcmF2YW5hYW1lcmljYW5hLmNvbVwvd3AtY29udGVudFwvdXBsb2Fkc1wvMjAyM1wvMDJcL0FtZW5hcy1kaXNlbmFkb3JjYTE0LmpwZyIsInNsaWRlc2hvdyI6IjcyYjEzY2YifQ%3D%3D\" href='https:\/\/caravanaamericana.com\/amenas-disenadorca14\/'><img loading=\"lazy\" width=\"300\" height=\"300\" src=\"https:\/\/caravanaamericana.com\/wp-content\/uploads\/2023\/02\/Amenas-disenadorca14-300x300.jpg\" alt=\"\" aria-describedby=\"gallery-3-9253\" decoding=\"async\" loading=\"lazy\" srcset=\"https:\/\/caravanaamericana.com\/wp-content\/uploads\/2023\/02\/Amenas-disenadorca14.jpg 300w, https:\/\/caravanaamericana.com\/wp-content\/uploads\/2023\/02\/Amenas-disenadorca14-150x150.jpg 150w\" sizes=\"auto, (max-width: 300px) 100vw, 300px\" \/><\/a><figcaption class='wp-caption-text gallery-caption' id='gallery-3-9253'>\n\t\t\t\tAMENAS <a href=\"https:\/\/caravanaamericana.com\/amenas-caravana-14\/\" target=\"_blank\" rel=\"noopener noreferrer\"><\/a><br \/>\n\t\t\t\t<\/figcaption><\/figure>\n<figure class='gallery-item'>\n\t\t\t\t<a data-elementor-open-lightbox=\"yes\" data-elementor-lightbox-slideshow=\"72b13cf\" data-elementor-lightbox-title=\"Armadillo-disenadorca14\" data-e-action-hash=\"#elementor-action%3Aaction%3Dlightbox%26settings%3DeyJpZCI6ODg1MSwidXJsIjoiaHR0cHM6XC9cL2NhcmF2YW5hYW1lcmljYW5hLmNvbVwvd3AtY29udGVudFwvdXBsb2Fkc1wvMjAyM1wvMDJcL0FybWFkaWxsby1kaXNlbmFkb3JjYTE0LTEuanBnIiwic2xpZGVzaG93IjoiNzJiMTNjZiJ9\" href='https:\/\/caravanaamericana.com\/armadillo-disenadorca14-2\/'><img loading=\"lazy\" width=\"300\" height=\"300\" src=\"https:\/\/caravanaamericana.com\/wp-content\/uploads\/2023\/02\/Armadillo-disenadorca14-1-300x300.jpg\" alt=\"\" aria-describedby=\"gallery-3-8851\" decoding=\"async\" loading=\"lazy\" srcset=\"https:\/\/caravanaamericana.com\/wp-content\/uploads\/2023\/02\/Armadillo-disenadorca14-1.jpg 300w, https:\/\/caravanaamericana.com\/wp-content\/uploads\/2023\/02\/Armadillo-disenadorca14-1-150x150.jpg 150w\" sizes=\"auto, (max-width: 300px) 100vw, 300px\" \/><\/a><figcaption class='wp-caption-text gallery-caption' id='gallery-3-8851'>\n\t\t\t\tARMADILLO <a href=\"https:\/\/caravanaamericana.com\/armadillo-caravana-14\/\" target=\"_blank\" rel=\"noopener noreferrer\"><\/a><br \/>\n\t\t\t\t<\/figcaption><\/figure>\n<figure class='gallery-item'>\n\t\t\t\t<a data-elementor-open-lightbox=\"yes\" data-elementor-lightbox-slideshow=\"72b13cf\" data-elementor-lightbox-title=\"ASIAN STORY\" data-e-action-hash=\"#elementor-action%3Aaction%3Dlightbox%26settings%3DeyJpZCI6MTA4MzYsInVybCI6Imh0dHBzOlwvXC9jYXJhdmFuYWFtZXJpY2FuYS5jb21cL3dwLWNvbnRlbnRcL3VwbG9hZHNcLzIwMjNcLzA5XC9BU0lBTi1TVE9SWS5qcGciLCJzbGlkZXNob3ciOiI3MmIxM2NmIn0%3D\" href='https:\/\/caravanaamericana.com\/asian-story\/'><img loading=\"lazy\" width=\"300\" height=\"300\" src=\"https:\/\/caravanaamericana.com\/wp-content\/uploads\/2023\/09\/ASIAN-STORY-300x300.jpg\" alt=\"\" aria-describedby=\"gallery-3-10836\" decoding=\"async\" loading=\"lazy\" srcset=\"https:\/\/caravanaamericana.com\/wp-content\/uploads\/2023\/09\/ASIAN-STORY.jpg 300w, https:\/\/caravanaamericana.com\/wp-content\/uploads\/2023\/09\/ASIAN-STORY-150x150.jpg 150w\" sizes=\"auto, (max-width: 300px) 100vw, 300px\" \/><\/a><figcaption class='wp-caption-text gallery-caption' id='gallery-3-10836'>\n\t\t\t\tASIAN STORY <a href=\"https:\/\/caravanaamericana.com\/asian-story-caravana-15\/\" target=\"_blank\" rel=\"noopener noreferrer\"><\/a><br \/>\n\t\t\t\t<\/figcaption><\/figure>\n<figure class='gallery-item'>\n\t\t\t\t<a data-elementor-open-lightbox=\"yes\" data-elementor-lightbox-slideshow=\"72b13cf\" data-elementor-lightbox-title=\"caravanaamericana_cuadrada (1)\" data-e-action-hash=\"#elementor-action%3Aaction%3Dlightbox%26settings%3DeyJpZCI6MTI3MDksInVybCI6Imh0dHBzOlwvXC9jYXJhdmFuYWFtZXJpY2FuYS5jb21cL3dwLWNvbnRlbnRcL3VwbG9hZHNcLzIwMjRcLzAxXC9jYXJhdmFuYWFtZXJpY2FuYV9jdWFkcmFkYS0xLmpwZyIsInNsaWRlc2hvdyI6IjcyYjEzY2YifQ%3D%3D\" href='https:\/\/caravanaamericana.com\/caravanaamericana_cuadrada-1\/'><img loading=\"lazy\" width=\"300\" height=\"300\" src=\"https:\/\/caravanaamericana.com\/wp-content\/uploads\/2024\/01\/caravanaamericana_cuadrada-1.jpg\" alt=\"\" aria-describedby=\"gallery-3-12709\" decoding=\"async\" loading=\"lazy\" srcset=\"https:\/\/caravanaamericana.com\/wp-content\/uploads\/2024\/01\/caravanaamericana_cuadrada-1.jpg 300w, https:\/\/caravanaamericana.com\/wp-content\/uploads\/2024\/01\/caravanaamericana_cuadrada-1-150x150.jpg 150w\" sizes=\"auto, (max-width: 300px) 100vw, 300px\" \/><\/a><figcaption class='wp-caption-text gallery-caption' id='gallery-3-12709'>\n\t\t\t\tAURUM INTENSE <a href=\"https:\/\/caravanaamericana.com\/aurum-intense-caravana\/\" target=\"_blank\" rel=\"noopener noreferrer\"><\/a><br \/>\n\t\t\t\t<\/figcaption><\/figure>\n<figure class='gallery-item'>\n\t\t\t\t<a data-elementor-open-lightbox=\"yes\" data-elementor-lightbox-slideshow=\"72b13cf\" data-elementor-lightbox-title=\"Boca-disenadorca12\" data-e-action-hash=\"#elementor-action%3Aaction%3Dlightbox%26settings%3DeyJpZCI6NjE1MSwidXJsIjoiaHR0cHM6XC9cL2NhcmF2YW5hYW1lcmljYW5hLmNvbVwvd3AtY29udGVudFwvdXBsb2Fkc1wvMjAyMlwvMDRcL0JvY2EtZGlzZW5hZG9yY2ExMi5qcGciLCJzbGlkZXNob3ciOiI3MmIxM2NmIn0%3D\" href='https:\/\/caravanaamericana.com\/boca-disenadorca12\/'><img loading=\"lazy\" width=\"300\" height=\"300\" src=\"https:\/\/caravanaamericana.com\/wp-content\/uploads\/2022\/04\/Boca-disenadorca12-300x300.jpg\" alt=\"\" aria-describedby=\"gallery-3-6151\" decoding=\"async\" loading=\"lazy\" srcset=\"https:\/\/caravanaamericana.com\/wp-content\/uploads\/2022\/04\/Boca-disenadorca12-300x300.jpg 300w, https:\/\/caravanaamericana.com\/wp-content\/uploads\/2022\/04\/Boca-disenadorca12-150x150.jpg 150w, https:\/\/caravanaamericana.com\/wp-content\/uploads\/2022\/04\/Boca-disenadorca12.jpg 643w\" sizes=\"auto, (max-width: 300px) 100vw, 300px\" \/><\/a><figcaption class='wp-caption-text gallery-caption' id='gallery-3-6151'>\n\t\t\t\tBOCA <a href=\"https:\/\/caravanaamericana.com\/boca-caravana-destination\/\" target=\"_blank\" rel=\"noopener noreferrer\"><\/a><br \/>\n\t\t\t\t<\/figcaption><\/figure>\n<figure class='gallery-item'>\n\t\t\t\t<a data-elementor-open-lightbox=\"yes\" data-elementor-lightbox-slideshow=\"72b13cf\" data-elementor-lightbox-title=\"Caravana_Cacharro_Home\" data-e-action-hash=\"#elementor-action%3Aaction%3Dlightbox%26settings%3DeyJpZCI6MTE1MjQsInVybCI6Imh0dHBzOlwvXC9jYXJhdmFuYWFtZXJpY2FuYS5jb21cL3dwLWNvbnRlbnRcL3VwbG9hZHNcLzIwMjNcLzA5XC9DYXJhdmFuYV9DYWNoYXJyb19Ib21lLmpwZyIsInNsaWRlc2hvdyI6IjcyYjEzY2YifQ%3D%3D\" href='https:\/\/caravanaamericana.com\/caravana_cacharro_home\/'><img loading=\"lazy\" width=\"300\" height=\"300\" src=\"https:\/\/caravanaamericana.com\/wp-content\/uploads\/2023\/09\/Caravana_Cacharro_Home-300x300.jpg\" alt=\"\" aria-describedby=\"gallery-3-11524\" decoding=\"async\" loading=\"lazy\" srcset=\"https:\/\/caravanaamericana.com\/wp-content\/uploads\/2023\/09\/Caravana_Cacharro_Home.jpg 300w, https:\/\/caravanaamericana.com\/wp-content\/uploads\/2023\/09\/Caravana_Cacharro_Home-150x150.jpg 150w\" sizes=\"auto, (max-width: 300px) 100vw, 300px\" \/><\/a><figcaption class='wp-caption-text gallery-caption' id='gallery-3-11524'>\n\t\t\t\tCACHARRO MUCI\u00d1O <a href=\"https:\/\/caravanaamericana.com\/cacharro-mucino-caravana-15\/\" target=\"_blank\" rel=\"noopener noreferrer\"><\/a><br \/>\n\t\t\t\t<\/figcaption><\/figure>\n<figure class='gallery-item'>\n\t\t\t\t<a data-elementor-open-lightbox=\"yes\" data-elementor-lightbox-slideshow=\"72b13cf\" data-elementor-lightbox-title=\"Coba-jewelry-disenadorca12\" data-e-action-hash=\"#elementor-action%3Aaction%3Dlightbox%26settings%3DeyJpZCI6NjE2NSwidXJsIjoiaHR0cHM6XC9cL2NhcmF2YW5hYW1lcmljYW5hLmNvbVwvd3AtY29udGVudFwvdXBsb2Fkc1wvMjAyMlwvMDRcL0NvYmEtamV3ZWxyeS1kaXNlbmFkb3JjYTEyLmpwZyIsInNsaWRlc2hvdyI6IjcyYjEzY2YifQ%3D%3D\" href='https:\/\/caravanaamericana.com\/coba-jewelry-disenadorca12\/'><img loading=\"lazy\" width=\"300\" height=\"300\" src=\"https:\/\/caravanaamericana.com\/wp-content\/uploads\/2022\/04\/Coba-jewelry-disenadorca12-300x300.jpg\" alt=\"\" aria-describedby=\"gallery-3-6165\" decoding=\"async\" loading=\"lazy\" srcset=\"https:\/\/caravanaamericana.com\/wp-content\/uploads\/2022\/04\/Coba-jewelry-disenadorca12-300x300.jpg 300w, https:\/\/caravanaamericana.com\/wp-content\/uploads\/2022\/04\/Coba-jewelry-disenadorca12-150x150.jpg 150w, https:\/\/caravanaamericana.com\/wp-content\/uploads\/2022\/04\/Coba-jewelry-disenadorca12.jpg 643w\" sizes=\"auto, (max-width: 300px) 100vw, 300px\" \/><\/a><figcaption class='wp-caption-text gallery-caption' id='gallery-3-6165'>\n\t\t\t\tCOBA JEWELRY <a href=\"https:\/\/caravanaamericana.com\/coba-jewelry-caravana-13\/\" target=\"_blank\" rel=\"noopener noreferrer\"><\/a><br \/>\n\t\t\t\t<\/figcaption><\/figure>\n<figure class='gallery-item'>\n\t\t\t\t<a data-elementor-open-lightbox=\"yes\" data-elementor-lightbox-slideshow=\"72b13cf\" data-elementor-lightbox-title=\"Colectivo1050grados-disenadorca12\" data-e-action-hash=\"#elementor-action%3Aaction%3Dlightbox%26settings%3DeyJpZCI6NjY1NywidXJsIjoiaHR0cHM6XC9cL2NhcmF2YW5hYW1lcmljYW5hLmNvbVwvd3AtY29udGVudFwvdXBsb2Fkc1wvMjAyMlwvMDVcL0NvbGVjdGl2bzEwNTBncmFkb3MtZGlzZW5hZG9yY2ExMi5qcGciLCJzbGlkZXNob3ciOiI3MmIxM2NmIn0%3D\" href='https:\/\/caravanaamericana.com\/colectivo1050grados-disenadorca12\/'><img loading=\"lazy\" width=\"300\" height=\"300\" src=\"https:\/\/caravanaamericana.com\/wp-content\/uploads\/2022\/05\/Colectivo1050grados-disenadorca12-300x300.jpg\" alt=\"Cooperativa 1050\u00ba\" aria-describedby=\"gallery-3-6657\" decoding=\"async\" loading=\"lazy\" srcset=\"https:\/\/caravanaamericana.com\/wp-content\/uploads\/2022\/05\/Colectivo1050grados-disenadorca12-300x300.jpg 300w, https:\/\/caravanaamericana.com\/wp-content\/uploads\/2022\/05\/Colectivo1050grados-disenadorca12-150x150.jpg 150w, https:\/\/caravanaamericana.com\/wp-content\/uploads\/2022\/05\/Colectivo1050grados-disenadorca12.jpg 643w\" sizes=\"auto, (max-width: 300px) 100vw, 300px\" \/><\/a><figcaption class='wp-caption-text gallery-caption' id='gallery-3-6657'>\n\t\t\t\tCOLECTIVO 1050\u00b0 <a href=\"https:\/\/caravanaamericana.com\/cooperativa1050grados-caravana-13\/\" target=\"_blank\" rel=\"noopener noreferrer\"><\/a><br \/>\n\t\t\t\t<\/figcaption><\/figure>\n<figure class='gallery-item'>\n\t\t\t\t<a data-elementor-open-lightbox=\"yes\" data-elementor-lightbox-slideshow=\"72b13cf\" data-elementor-lightbox-title=\"Cubana-Ropa-de-Mar-disenador\" data-e-action-hash=\"#elementor-action%3Aaction%3Dlightbox%26settings%3DeyJpZCI6NTY1OSwidXJsIjoiaHR0cHM6XC9cL2NhcmF2YW5hYW1lcmljYW5hLmNvbVwvd3AtY29udGVudFwvdXBsb2Fkc1wvMjAyMVwvMTBcL0N1YmFuYS1Sb3BhLWRlLU1hci1kaXNlbmFkb3IuanBnIiwic2xpZGVzaG93IjoiNzJiMTNjZiJ9\" href='https:\/\/caravanaamericana.com\/cubana-ropa-de-mar-disenador\/'><img loading=\"lazy\" width=\"300\" height=\"300\" src=\"https:\/\/caravanaamericana.com\/wp-content\/uploads\/2021\/10\/Cubana-Ropa-de-Mar-disenador-300x300.jpg\" alt=\"\" aria-describedby=\"gallery-3-5659\" decoding=\"async\" loading=\"lazy\" srcset=\"https:\/\/caravanaamericana.com\/wp-content\/uploads\/2021\/10\/Cubana-Ropa-de-Mar-disenador-300x300.jpg 300w, https:\/\/caravanaamericana.com\/wp-content\/uploads\/2021\/10\/Cubana-Ropa-de-Mar-disenador-150x150.jpg 150w, https:\/\/caravanaamericana.com\/wp-content\/uploads\/2021\/10\/Cubana-Ropa-de-Mar-disenador.jpg 643w\" sizes=\"auto, (max-width: 300px) 100vw, 300px\" \/><\/a><figcaption class='wp-caption-text gallery-caption' id='gallery-3-5659'>\n\t\t\t\tCUBANA ROPA DE MAR <a href=\"https:\/\/caravanaamericana.com\/cubana-ropa-de-mar-ca11\/\" target=\"_blank\" rel=\"noopener noreferrer\"><\/a><br \/>\n\t\t\t\t<\/figcaption><\/figure>\n<figure class='gallery-item'>\n\t\t\t\t<a data-elementor-open-lightbox=\"yes\" data-elementor-lightbox-slideshow=\"72b13cf\" data-elementor-lightbox-title=\"Cuata-disenadorca14\" data-e-action-hash=\"#elementor-action%3Aaction%3Dlightbox%26settings%3DeyJpZCI6OTIwOCwidXJsIjoiaHR0cHM6XC9cL2NhcmF2YW5hYW1lcmljYW5hLmNvbVwvd3AtY29udGVudFwvdXBsb2Fkc1wvMjAyM1wvMDJcL0N1YXRhLWRpc2VuYWRvcmNhMTQuanBnIiwic2xpZGVzaG93IjoiNzJiMTNjZiJ9\" href='https:\/\/caravanaamericana.com\/cuata-disenadorca14\/'><img loading=\"lazy\" width=\"300\" height=\"300\" src=\"https:\/\/caravanaamericana.com\/wp-content\/uploads\/2023\/02\/Cuata-disenadorca14-300x300.jpg\" alt=\"\" aria-describedby=\"gallery-3-9208\" decoding=\"async\" loading=\"lazy\" srcset=\"https:\/\/caravanaamericana.com\/wp-content\/uploads\/2023\/02\/Cuata-disenadorca14.jpg 300w, https:\/\/caravanaamericana.com\/wp-content\/uploads\/2023\/02\/Cuata-disenadorca14-150x150.jpg 150w\" sizes=\"auto, (max-width: 300px) 100vw, 300px\" \/><\/a><figcaption class='wp-caption-text gallery-caption' id='gallery-3-9208'>\n\t\t\t\tCUATA <a href=\"https:\/\/caravanaamericana.com\/cuata-caravana-14\/\" target=\"_blank\" rel=\"noopener noreferrer\"><\/a><br \/>\n\t\t\t\t<\/figcaption><\/figure>\n<figure class='gallery-item'>\n\t\t\t\t<a data-elementor-open-lightbox=\"yes\" data-elementor-lightbox-slideshow=\"72b13cf\" data-elementor-lightbox-title=\"Colorindio-disenador1\" data-e-action-hash=\"#elementor-action%3Aaction%3Dlightbox%26settings%3DeyJpZCI6Mzc1OCwidXJsIjoiaHR0cHM6XC9cL2NhcmF2YW5hYW1lcmljYW5hLmNvbVwvd3AtY29udGVudFwvdXBsb2Fkc1wvMjAyMFwvMTBcL0NvbG9yaW5kaW8tZGlzZW5hZG9yMS5qcGciLCJzbGlkZXNob3ciOiI3MmIxM2NmIn0%3D\" href='https:\/\/caravanaamericana.com\/colorindio-disenador1\/'><img loading=\"lazy\" width=\"300\" height=\"300\" src=\"https:\/\/caravanaamericana.com\/wp-content\/uploads\/2020\/10\/Colorindio-disenador1-300x300.jpg\" alt=\"\" aria-describedby=\"gallery-3-3758\" decoding=\"async\" loading=\"lazy\" srcset=\"https:\/\/caravanaamericana.com\/wp-content\/uploads\/2020\/10\/Colorindio-disenador1-300x300.jpg 300w, https:\/\/caravanaamericana.com\/wp-content\/uploads\/2020\/10\/Colorindio-disenador1-150x150.jpg 150w, https:\/\/caravanaamericana.com\/wp-content\/uploads\/2020\/10\/Colorindio-disenador1.jpg 643w\" sizes=\"auto, (max-width: 300px) 100vw, 300px\" \/><\/a><figcaption class='wp-caption-text gallery-caption' id='gallery-3-3758'>\n\t\t\t\tCOLORINDIO <a href=\"https:\/\/caravanaamericana.com\/colorindio\/\" target=\"_blank\" rel=\"noopener noreferrer\"><\/a><br \/>\n\t\t\t\t<\/figcaption><\/figure>\n<figure class='gallery-item'>\n\t\t\t\t<a data-elementor-open-lightbox=\"yes\" data-elementor-lightbox-slideshow=\"72b13cf\" data-elementor-lightbox-title=\"ESTUDIO POMELO\" data-e-action-hash=\"#elementor-action%3Aaction%3Dlightbox%26settings%3DeyJpZCI6MTAyOTUsInVybCI6Imh0dHBzOlwvXC9jYXJhdmFuYWFtZXJpY2FuYS5jb21cL3dwLWNvbnRlbnRcL3VwbG9hZHNcLzIwMjNcLzA5XC9FU1RVRElPLVBPTUVMTy0xLmpwZyIsInNsaWRlc2hvdyI6IjcyYjEzY2YifQ%3D%3D\" href='https:\/\/caravanaamericana.com\/estudio-pomelo-7\/'><img loading=\"lazy\" width=\"300\" height=\"300\" src=\"https:\/\/caravanaamericana.com\/wp-content\/uploads\/2023\/09\/ESTUDIO-POMELO-1-300x300.jpg\" alt=\"\" aria-describedby=\"gallery-3-10295\" decoding=\"async\" loading=\"lazy\" srcset=\"https:\/\/caravanaamericana.com\/wp-content\/uploads\/2023\/09\/ESTUDIO-POMELO-1-300x300.jpg 300w, https:\/\/caravanaamericana.com\/wp-content\/uploads\/2023\/09\/ESTUDIO-POMELO-1-150x150.jpg 150w, https:\/\/caravanaamericana.com\/wp-content\/uploads\/2023\/09\/ESTUDIO-POMELO-1.jpg 768w\" sizes=\"auto, (max-width: 300px) 100vw, 300px\" \/><\/a><figcaption class='wp-caption-text gallery-caption' id='gallery-3-10295'>\n\t\t\t\tESTUDIO POMELO <a href=\"https:\/\/caravanaamericana.com\/estudio-pomelo\/\/\" target=\"_blank\" rel=\"noopener noreferrer\"><\/a><br \/>\n\t\t\t\t<\/figcaption><\/figure>\n<figure class='gallery-item'>\n\t\t\t\t<a data-elementor-open-lightbox=\"yes\" data-elementor-lightbox-slideshow=\"72b13cf\" data-elementor-lightbox-title=\"Faoba-disenadorca13\" data-e-action-hash=\"#elementor-action%3Aaction%3Dlightbox%26settings%3DeyJpZCI6ODg2NiwidXJsIjoiaHR0cHM6XC9cL2NhcmF2YW5hYW1lcmljYW5hLmNvbVwvd3AtY29udGVudFwvdXBsb2Fkc1wvMjAyM1wvMDJcL0Zhb2JhLWRpc2VuYWRvcmNhMTMuanBnIiwic2xpZGVzaG93IjoiNzJiMTNjZiJ9\" href='https:\/\/caravanaamericana.com\/faoba-disenadorca13-2\/'><img loading=\"lazy\" width=\"300\" height=\"300\" src=\"https:\/\/caravanaamericana.com\/wp-content\/uploads\/2023\/02\/Faoba-disenadorca13-300x300.jpg\" alt=\"\" aria-describedby=\"gallery-3-8866\" decoding=\"async\" loading=\"lazy\" srcset=\"https:\/\/caravanaamericana.com\/wp-content\/uploads\/2023\/02\/Faoba-disenadorca13-300x300.jpg 300w, https:\/\/caravanaamericana.com\/wp-content\/uploads\/2023\/02\/Faoba-disenadorca13-150x150.jpg 150w, https:\/\/caravanaamericana.com\/wp-content\/uploads\/2023\/02\/Faoba-disenadorca13.jpg 643w\" sizes=\"auto, (max-width: 300px) 100vw, 300px\" \/><\/a><figcaption class='wp-caption-text gallery-caption' id='gallery-3-8866'>\n\t\t\t\tFAOBA <a href=\"https:\/\/caravanaamericana.com\/faoba-caravana-14\/\" target=\"_blank\" rel=\"noopener noreferrer\"><\/a><br \/>\n\t\t\t\t<\/figcaption><\/figure>\n<figure class='gallery-item'>\n\t\t\t\t<a data-elementor-open-lightbox=\"yes\" data-elementor-lightbox-slideshow=\"72b13cf\" data-elementor-lightbox-title=\"FENOMENA\" data-e-action-hash=\"#elementor-action%3Aaction%3Dlightbox%26settings%3DeyJpZCI6MTAyOTYsInVybCI6Imh0dHBzOlwvXC9jYXJhdmFuYWFtZXJpY2FuYS5jb21cL3dwLWNvbnRlbnRcL3VwbG9hZHNcLzIwMjNcLzA5XC9GRU5PTUVOQS0xLmpwZyIsInNsaWRlc2hvdyI6IjcyYjEzY2YifQ%3D%3D\" href='https:\/\/caravanaamericana.com\/fenomena-10\/'><img loading=\"lazy\" width=\"300\" height=\"300\" src=\"https:\/\/caravanaamericana.com\/wp-content\/uploads\/2023\/09\/FENOMENA-1-300x300.jpg\" alt=\"\" aria-describedby=\"gallery-3-10296\" decoding=\"async\" loading=\"lazy\" srcset=\"https:\/\/caravanaamericana.com\/wp-content\/uploads\/2023\/09\/FENOMENA-1.jpg 300w, https:\/\/caravanaamericana.com\/wp-content\/uploads\/2023\/09\/FENOMENA-1-150x150.jpg 150w\" sizes=\"auto, (max-width: 300px) 100vw, 300px\" \/><\/a><figcaption class='wp-caption-text gallery-caption' id='gallery-3-10296'>\n\t\t\t\tFENOMENA <a href=\"https:\/\/caravanaamericana.com\/fenomena\/\" target=\"_blank\" rel=\"noopener noreferrer\"><\/a><br \/>\n\t\t\t\t<\/figcaption><\/figure>\n<figure class='gallery-item'>\n\t\t\t\t<a data-elementor-open-lightbox=\"yes\" data-elementor-lightbox-slideshow=\"72b13cf\" data-elementor-lightbox-title=\"Hombre-Necio-disenadorca14.1\" data-e-action-hash=\"#elementor-action%3Aaction%3Dlightbox%26settings%3DeyJpZCI6OTI1NiwidXJsIjoiaHR0cHM6XC9cL2NhcmF2YW5hYW1lcmljYW5hLmNvbVwvd3AtY29udGVudFwvdXBsb2Fkc1wvMjAyM1wvMDJcL0hvbWJyZS1OZWNpby1kaXNlbmFkb3JjYTE0LjEuanBnIiwic2xpZGVzaG93IjoiNzJiMTNjZiJ9\" href='https:\/\/caravanaamericana.com\/hombre-necio-disenadorca14-1\/'><img loading=\"lazy\" width=\"300\" height=\"300\" src=\"https:\/\/caravanaamericana.com\/wp-content\/uploads\/2023\/02\/Hombre-Necio-disenadorca14.1-300x300.jpg\" alt=\"\" aria-describedby=\"gallery-3-9256\" decoding=\"async\" loading=\"lazy\" srcset=\"https:\/\/caravanaamericana.com\/wp-content\/uploads\/2023\/02\/Hombre-Necio-disenadorca14.1.jpg 300w, https:\/\/caravanaamericana.com\/wp-content\/uploads\/2023\/02\/Hombre-Necio-disenadorca14.1-150x150.jpg 150w\" sizes=\"auto, (max-width: 300px) 100vw, 300px\" \/><\/a><figcaption class='wp-caption-text gallery-caption' id='gallery-3-9256'>\n\t\t\t\tHOMBRE NECIO <a href=\"https:\/\/caravanaamericana.com\/hombre-necio-caravana-14\/\" target=\"_blank\" rel=\"noopener noreferrer\"><\/a><br \/>\n\t\t\t\t<\/figcaption><\/figure>\n<figure class='gallery-item'>\n\t\t\t\t<a data-elementor-open-lightbox=\"yes\" data-elementor-lightbox-slideshow=\"72b13cf\" data-elementor-lightbox-title=\"Ishi-disenadorca14.final\" data-e-action-hash=\"#elementor-action%3Aaction%3Dlightbox%26settings%3DeyJpZCI6MTAwNTksInVybCI6Imh0dHBzOlwvXC9jYXJhdmFuYWFtZXJpY2FuYS5jb21cL3dwLWNvbnRlbnRcL3VwbG9hZHNcLzIwMjNcLzAyXC9Jc2hpLWRpc2VuYWRvcmNhMTQuZmluYWxfLmpwZyIsInNsaWRlc2hvdyI6IjcyYjEzY2YifQ%3D%3D\" href='https:\/\/caravanaamericana.com\/ishi-disenadorca14-final\/'><img loading=\"lazy\" width=\"300\" height=\"300\" src=\"https:\/\/caravanaamericana.com\/wp-content\/uploads\/2023\/02\/Ishi-disenadorca14.final_-300x300.jpg\" alt=\"\" aria-describedby=\"gallery-3-10059\" decoding=\"async\" loading=\"lazy\" srcset=\"https:\/\/caravanaamericana.com\/wp-content\/uploads\/2023\/02\/Ishi-disenadorca14.final_.jpg 300w, https:\/\/caravanaamericana.com\/wp-content\/uploads\/2023\/02\/Ishi-disenadorca14.final_-150x150.jpg 150w\" sizes=\"auto, (max-width: 300px) 100vw, 300px\" \/><\/a><figcaption class='wp-caption-text gallery-caption' id='gallery-3-10059'>\n\t\t\t\tISHI <a href=\"https:\/\/caravanaamericana.com\/ishi-caravana-14\/\" target=\"_blank\" rel=\"noopener noreferrer\"><\/a><br \/>\n\t\t\t\t<\/figcaption><\/figure>\n<figure class='gallery-item'>\n\t\t\t\t<a data-elementor-open-lightbox=\"yes\" data-elementor-lightbox-slideshow=\"72b13cf\" data-elementor-lightbox-title=\"KENDA WEB\" data-e-action-hash=\"#elementor-action%3Aaction%3Dlightbox%26settings%3DeyJpZCI6MTA3NjIsInVybCI6Imh0dHBzOlwvXC9jYXJhdmFuYWFtZXJpY2FuYS5jb21cL3dwLWNvbnRlbnRcL3VwbG9hZHNcLzIwMjNcLzA5XC9LRU5EQS1XRUIuanBnIiwic2xpZGVzaG93IjoiNzJiMTNjZiJ9\" href='https:\/\/caravanaamericana.com\/kenda-web\/'><img loading=\"lazy\" width=\"300\" height=\"300\" src=\"https:\/\/caravanaamericana.com\/wp-content\/uploads\/2023\/09\/KENDA-WEB-300x300.jpg\" alt=\"\" aria-describedby=\"gallery-3-10762\" decoding=\"async\" loading=\"lazy\" srcset=\"https:\/\/caravanaamericana.com\/wp-content\/uploads\/2023\/09\/KENDA-WEB.jpg 300w, https:\/\/caravanaamericana.com\/wp-content\/uploads\/2023\/09\/KENDA-WEB-150x150.jpg 150w\" sizes=\"auto, (max-width: 300px) 100vw, 300px\" \/><\/a><figcaption class='wp-caption-text gallery-caption' id='gallery-3-10762'>\n\t\t\t\tKENDA SHOES <a href=\"https:\/\/caravanaamericana.com\/kenda-shoes-caravana-15\/\" target=\"_blank\" rel=\"noopener noreferrer\"><\/a><br \/>\n\t\t\t\t<\/figcaption><\/figure>\n<figure class='gallery-item'>\n\t\t\t\t<a data-elementor-open-lightbox=\"yes\" data-elementor-lightbox-slideshow=\"72b13cf\" data-elementor-lightbox-title=\"3\" data-e-action-hash=\"#elementor-action%3Aaction%3Dlightbox%26settings%3DeyJpZCI6MTEzMDEsInVybCI6Imh0dHBzOlwvXC9jYXJhdmFuYWFtZXJpY2FuYS5jb21cL3dwLWNvbnRlbnRcL3VwbG9hZHNcLzIwMjNcLzA5XC8zLTIuanBnIiwic2xpZGVzaG93IjoiNzJiMTNjZiJ9\" href='https:\/\/caravanaamericana.com\/3-5\/'><img loading=\"lazy\" width=\"300\" height=\"300\" src=\"https:\/\/caravanaamericana.com\/wp-content\/uploads\/2023\/09\/3-2-300x300.jpg\" alt=\"\" aria-describedby=\"gallery-3-11301\" decoding=\"async\" loading=\"lazy\" srcset=\"https:\/\/caravanaamericana.com\/wp-content\/uploads\/2023\/09\/3-2.jpg 300w, https:\/\/caravanaamericana.com\/wp-content\/uploads\/2023\/09\/3-2-150x150.jpg 150w\" sizes=\"auto, (max-width: 300px) 100vw, 300px\" \/><\/a><figcaption class='wp-caption-text gallery-caption' id='gallery-3-11301'>\n\t\t\t\tLUISA L\u00d3PEZ <a href=\"https:\/\/caravanaamericana.com\/luisa-lopez\/\" target=\"_blank\" rel=\"noopener noreferrer\"><\/a><br \/>\n\t\t\t\t<\/figcaption><\/figure>\n<figure class='gallery-item'>\n\t\t\t\t<a data-elementor-open-lightbox=\"yes\" data-elementor-lightbox-slideshow=\"72b13cf\" data-elementor-lightbox-title=\"cuadrada_0000\" data-e-action-hash=\"#elementor-action%3Aaction%3Dlightbox%26settings%3DeyJpZCI6MTI3ODcsInVybCI6Imh0dHBzOlwvXC9jYXJhdmFuYWFtZXJpY2FuYS5jb21cL3dwLWNvbnRlbnRcL3VwbG9hZHNcLzIwMjRcLzAxXC9jdWFkcmFkYV8wMDAwLmpwZyIsInNsaWRlc2hvdyI6IjcyYjEzY2YifQ%3D%3D\" href='https:\/\/caravanaamericana.com\/cuadrada_0000\/'><img loading=\"lazy\" width=\"300\" height=\"300\" src=\"https:\/\/caravanaamericana.com\/wp-content\/uploads\/2024\/01\/cuadrada_0000.jpg\" alt=\"\" aria-describedby=\"gallery-3-12787\" decoding=\"async\" loading=\"lazy\" srcset=\"https:\/\/caravanaamericana.com\/wp-content\/uploads\/2024\/01\/cuadrada_0000.jpg 300w, https:\/\/caravanaamericana.com\/wp-content\/uploads\/2024\/01\/cuadrada_0000-150x150.jpg 150w\" sizes=\"auto, (max-width: 300px) 100vw, 300px\" \/><\/a><figcaption class='wp-caption-text gallery-caption' id='gallery-3-12787'>\n\t\t\t\tMASA TALLER <a href=\"https:\/\/caravanaamericana.com\/masa-taller-destination\/\" target=\"_blank\" rel=\"noopener noreferrer\"><\/a><br \/>\n\t\t\t\t<\/figcaption><\/figure>\n<figure class='gallery-item'>\n\t\t\t\t<a data-elementor-open-lightbox=\"yes\" data-elementor-lightbox-slideshow=\"72b13cf\" data-elementor-lightbox-title=\"METRIC 1.1\" data-e-action-hash=\"#elementor-action%3Aaction%3Dlightbox%26settings%3DeyJpZCI6MTAzMDIsInVybCI6Imh0dHBzOlwvXC9jYXJhdmFuYWFtZXJpY2FuYS5jb21cL3dwLWNvbnRlbnRcL3VwbG9hZHNcLzIwMjNcLzA5XC9NRVRSSUMtMS4xLTEucG5nIiwic2xpZGVzaG93IjoiNzJiMTNjZiJ9\" href='https:\/\/caravanaamericana.com\/metric-1-1-2\/'><img loading=\"lazy\" width=\"300\" height=\"300\" src=\"https:\/\/caravanaamericana.com\/wp-content\/uploads\/2023\/09\/METRIC-1.1-1-300x300.png\" alt=\"\" aria-describedby=\"gallery-3-10302\" decoding=\"async\" loading=\"lazy\" srcset=\"https:\/\/caravanaamericana.com\/wp-content\/uploads\/2023\/09\/METRIC-1.1-1-300x300.png 300w, https:\/\/caravanaamericana.com\/wp-content\/uploads\/2023\/09\/METRIC-1.1-1-150x150.png 150w, https:\/\/caravanaamericana.com\/wp-content\/uploads\/2023\/09\/METRIC-1.1-1.png 600w\" sizes=\"auto, (max-width: 300px) 100vw, 300px\" \/><\/a><figcaption class='wp-caption-text gallery-caption' id='gallery-3-10302'>\n\t\t\t\tMETRIC <a href=\"https:\/\/caravanaamericana.com\/metric-caravana-15\/\" target=\"_blank\" rel=\"noopener noreferrer\"><\/a><br \/>\n\t\t\t\t<\/figcaption><\/figure>\n<figure class='gallery-item'>\n\t\t\t\t<a data-elementor-open-lightbox=\"yes\" data-elementor-lightbox-slideshow=\"72b13cf\" data-elementor-lightbox-title=\"NANA MANOS ARTESANAS 1.1\" data-e-action-hash=\"#elementor-action%3Aaction%3Dlightbox%26settings%3DeyJpZCI6MTAzMTYsInVybCI6Imh0dHBzOlwvXC9jYXJhdmFuYWFtZXJpY2FuYS5jb21cL3dwLWNvbnRlbnRcL3VwbG9hZHNcLzIwMjNcLzA5XC9OQU5BLU1BTk9TLUFSVEVTQU5BUy0xLjEucG5nIiwic2xpZGVzaG93IjoiNzJiMTNjZiJ9\" href='https:\/\/caravanaamericana.com\/nana-manos-artesanas-1-1\/'><img loading=\"lazy\" width=\"300\" height=\"300\" src=\"https:\/\/caravanaamericana.com\/wp-content\/uploads\/2023\/09\/NANA-MANOS-ARTESANAS-1.1-300x300.png\" alt=\"\" aria-describedby=\"gallery-3-10316\" decoding=\"async\" loading=\"lazy\" srcset=\"https:\/\/caravanaamericana.com\/wp-content\/uploads\/2023\/09\/NANA-MANOS-ARTESANAS-1.1-300x300.png 300w, https:\/\/caravanaamericana.com\/wp-content\/uploads\/2023\/09\/NANA-MANOS-ARTESANAS-1.1-150x150.png 150w, https:\/\/caravanaamericana.com\/wp-content\/uploads\/2023\/09\/NANA-MANOS-ARTESANAS-1.1.png 600w\" sizes=\"auto, (max-width: 300px) 100vw, 300px\" \/><\/a><figcaption class='wp-caption-text gallery-caption' id='gallery-3-10316'>\n\t\t\t\tNANA MANOS ARTESANAS <a href=\"https:\/\/caravanaamericana.com\/manos-artesanas-caravana-15\/\" target=\"_blank\" rel=\"noopener noreferrer\"><\/a><br \/>\n\t\t\t\t<\/figcaption><\/figure>\n<figure class='gallery-item'>\n\t\t\t\t<a data-elementor-open-lightbox=\"yes\" data-elementor-lightbox-slideshow=\"72b13cf\" data-elementor-lightbox-title=\"Subtropicalia-disenadorca12\" data-e-action-hash=\"#elementor-action%3Aaction%3Dlightbox%26settings%3DeyJpZCI6NjkwOCwidXJsIjoiaHR0cHM6XC9cL2NhcmF2YW5hYW1lcmljYW5hLmNvbVwvd3AtY29udGVudFwvdXBsb2Fkc1wvMjAyMlwvMDVcL1N1YnRyb3BpY2FsaWEtZGlzZW5hZG9yY2ExMi5qcGciLCJzbGlkZXNob3ciOiI3MmIxM2NmIn0%3D\" href='https:\/\/caravanaamericana.com\/subtropicalia-disenadorca12\/'><img loading=\"lazy\" width=\"300\" height=\"300\" src=\"https:\/\/caravanaamericana.com\/wp-content\/uploads\/2022\/05\/Subtropicalia-disenadorca12-300x300.jpg\" alt=\"\" aria-describedby=\"gallery-3-6908\" decoding=\"async\" loading=\"lazy\" srcset=\"https:\/\/caravanaamericana.com\/wp-content\/uploads\/2022\/05\/Subtropicalia-disenadorca12-300x300.jpg 300w, https:\/\/caravanaamericana.com\/wp-content\/uploads\/2022\/05\/Subtropicalia-disenadorca12-150x150.jpg 150w, https:\/\/caravanaamericana.com\/wp-content\/uploads\/2022\/05\/Subtropicalia-disenadorca12.jpg 643w\" sizes=\"auto, (max-width: 300px) 100vw, 300px\" \/><\/a><figcaption class='wp-caption-text gallery-caption' id='gallery-3-6908'>\n\t\t\t\tSUBTROPICALIA <a href=\"https:\/\/caravanaamericana.com\/subtropicalia-caravana-13\/\" target=\"_blank\" rel=\"noopener noreferrer\"><\/a><br \/>\n\t\t\t\t<\/figcaption><\/figure>\n<figure class='gallery-item'>\n\t\t\t\t<a data-elementor-open-lightbox=\"yes\" data-elementor-lightbox-slideshow=\"72b13cf\" data-elementor-lightbox-title=\"Talia-Baker-disenadorca14\" data-e-action-hash=\"#elementor-action%3Aaction%3Dlightbox%26settings%3DeyJpZCI6OTIxNSwidXJsIjoiaHR0cHM6XC9cL2NhcmF2YW5hYW1lcmljYW5hLmNvbVwvd3AtY29udGVudFwvdXBsb2Fkc1wvMjAyM1wvMDJcL1RhbGlhLUJha2VyLWRpc2VuYWRvcmNhMTQuanBnIiwic2xpZGVzaG93IjoiNzJiMTNjZiJ9\" href='https:\/\/caravanaamericana.com\/talia-baker-disenadorca14\/'><img loading=\"lazy\" width=\"300\" height=\"300\" src=\"https:\/\/caravanaamericana.com\/wp-content\/uploads\/2023\/02\/Talia-Baker-disenadorca14-300x300.jpg\" alt=\"\" aria-describedby=\"gallery-3-9215\" decoding=\"async\" loading=\"lazy\" srcset=\"https:\/\/caravanaamericana.com\/wp-content\/uploads\/2023\/02\/Talia-Baker-disenadorca14.jpg 300w, https:\/\/caravanaamericana.com\/wp-content\/uploads\/2023\/02\/Talia-Baker-disenadorca14-150x150.jpg 150w\" sizes=\"auto, (max-width: 300px) 100vw, 300px\" \/><\/a><figcaption class='wp-caption-text gallery-caption' id='gallery-3-9215'>\n\t\t\t\tTALIA BAKER <a href=\"https:\/\/caravanaamericana.com\/talia-baker-caravana-14\/\" target=\"_blank\" rel=\"noopener noreferrer\"><\/a><br \/>\n\t\t\t\t<\/figcaption><\/figure>\n<figure class='gallery-item'>\n\t\t\t\t<a data-elementor-open-lightbox=\"yes\" data-elementor-lightbox-slideshow=\"72b13cf\" data-elementor-lightbox-title=\"TAKA_300x300\" data-e-action-hash=\"#elementor-action%3Aaction%3Dlightbox%26settings%3DeyJpZCI6MTI3NTEsInVybCI6Imh0dHBzOlwvXC9jYXJhdmFuYWFtZXJpY2FuYS5jb21cL3dwLWNvbnRlbnRcL3VwbG9hZHNcLzIwMjRcLzAxXC9UQUtBXzMwMHgzMDAtMS5qcGciLCJzbGlkZXNob3ciOiI3MmIxM2NmIn0%3D\" href='https:\/\/caravanaamericana.com\/taka_300x300-2\/'><img loading=\"lazy\" width=\"300\" height=\"300\" src=\"https:\/\/caravanaamericana.com\/wp-content\/uploads\/2024\/01\/TAKA_300x300-1.jpg\" alt=\"\" aria-describedby=\"gallery-3-12751\" decoding=\"async\" loading=\"lazy\" srcset=\"https:\/\/caravanaamericana.com\/wp-content\/uploads\/2024\/01\/TAKA_300x300-1.jpg 300w, https:\/\/caravanaamericana.com\/wp-content\/uploads\/2024\/01\/TAKA_300x300-1-150x150.jpg 150w\" sizes=\"auto, (max-width: 300px) 100vw, 300px\" \/><\/a><figcaption class='wp-caption-text gallery-caption' id='gallery-3-12751'>\n\t\t\t\tTAKA STUDIO <a href=\"https:\/\/caravanaamericana.com\/taka-studio\/\" target=\"_blank\" rel=\"noopener noreferrer\"><\/a><br \/>\n\t\t\t\t<\/figcaption><\/figure>\n<figure class='gallery-item'>\n\t\t\t\t<a data-elementor-open-lightbox=\"yes\" data-elementor-lightbox-slideshow=\"72b13cf\" data-elementor-lightbox-title=\"Tuna-Jewel-disenadorca14\" data-e-action-hash=\"#elementor-action%3Aaction%3Dlightbox%26settings%3DeyJpZCI6ODU5OSwidXJsIjoiaHR0cHM6XC9cL2NhcmF2YW5hYW1lcmljYW5hLmNvbVwvd3AtY29udGVudFwvdXBsb2Fkc1wvMjAyM1wvMDFcL1R1bmEtSmV3ZWwtZGlzZW5hZG9yY2ExNC5qcGciLCJzbGlkZXNob3ciOiI3MmIxM2NmIn0%3D\" href='https:\/\/caravanaamericana.com\/tuna-jewel-disenadorca14\/'><img loading=\"lazy\" width=\"300\" height=\"300\" src=\"https:\/\/caravanaamericana.com\/wp-content\/uploads\/2023\/01\/Tuna-Jewel-disenadorca14-300x300.jpg\" alt=\"\" aria-describedby=\"gallery-3-8599\" decoding=\"async\" loading=\"lazy\" srcset=\"https:\/\/caravanaamericana.com\/wp-content\/uploads\/2023\/01\/Tuna-Jewel-disenadorca14.jpg 300w, https:\/\/caravanaamericana.com\/wp-content\/uploads\/2023\/01\/Tuna-Jewel-disenadorca14-150x150.jpg 150w\" sizes=\"auto, (max-width: 300px) 100vw, 300px\" \/><\/a><figcaption class='wp-caption-text gallery-caption' id='gallery-3-8599'>\n\t\t\t\tTUNA JEWEL PROJECT <a href=\"https:\/\/caravanaamericana.com\/tuna-jewel-caravana-14\/\" target=\"_blank\" rel=\"noopener noreferrer\"><\/a><br \/>\n\t\t\t\t<\/figcaption><\/figure>\n<figure class='gallery-item'>\n\t\t\t\t<a data-elementor-open-lightbox=\"yes\" data-elementor-lightbox-slideshow=\"72b13cf\" data-elementor-lightbox-title=\"Vosh-disenadorca14\" data-e-action-hash=\"#elementor-action%3Aaction%3Dlightbox%26settings%3DeyJpZCI6ODc1NCwidXJsIjoiaHR0cHM6XC9cL2NhcmF2YW5hYW1lcmljYW5hLmNvbVwvd3AtY29udGVudFwvdXBsb2Fkc1wvMjAyM1wvMDJcL1Zvc2gtZGlzZW5hZG9yY2ExNC5qcGciLCJzbGlkZXNob3ciOiI3MmIxM2NmIn0%3D\" href='https:\/\/caravanaamericana.com\/vosh-disenadorca14\/'><img loading=\"lazy\" width=\"300\" height=\"300\" src=\"https:\/\/caravanaamericana.com\/wp-content\/uploads\/2023\/02\/Vosh-disenadorca14-300x300.jpg\" alt=\"\" aria-describedby=\"gallery-3-8754\" decoding=\"async\" loading=\"lazy\" srcset=\"https:\/\/caravanaamericana.com\/wp-content\/uploads\/2023\/02\/Vosh-disenadorca14.jpg 300w, https:\/\/caravanaamericana.com\/wp-content\/uploads\/2023\/02\/Vosh-disenadorca14-150x150.jpg 150w\" sizes=\"auto, (max-width: 300px) 100vw, 300px\" \/><\/a><figcaption class='wp-caption-text gallery-caption' id='gallery-3-8754'>\n\t\t\t\tVOSH <a href=\"https:\/\/caravanaamericana.com\/vosh-caravana-14\/\" target=\"_blank\" rel=\"noopener noreferrer\"><\/a><br \/>\n\t\t\t\t<\/figcaption><\/figure>\n<figure class='gallery-item'>\n\t\t\t\t<a data-elementor-open-lightbox=\"yes\" data-elementor-lightbox-slideshow=\"72b13cf\" data-elementor-lightbox-title=\"1\" data-e-action-hash=\"#elementor-action%3Aaction%3Dlightbox%26settings%3DeyJpZCI6MTI4MDIsInVybCI6Imh0dHBzOlwvXC9jYXJhdmFuYWFtZXJpY2FuYS5jb21cL3dwLWNvbnRlbnRcL3VwbG9hZHNcLzIwMjRcLzAxXC8xLmpwZyIsInNsaWRlc2hvdyI6IjcyYjEzY2YifQ%3D%3D\" href='https:\/\/caravanaamericana.com\/1-16\/'><img loading=\"lazy\" width=\"300\" height=\"300\" src=\"https:\/\/caravanaamericana.com\/wp-content\/uploads\/2024\/01\/1.jpg\" alt=\"\" aria-describedby=\"gallery-3-12802\" decoding=\"async\" loading=\"lazy\" srcset=\"https:\/\/caravanaamericana.com\/wp-content\/uploads\/2024\/01\/1.jpg 300w, https:\/\/caravanaamericana.com\/wp-content\/uploads\/2024\/01\/1-150x150.jpg 150w\" sizes=\"auto, (max-width: 300px) 100vw, 300px\" \/><\/a><figcaption class='wp-caption-text gallery-caption' id='gallery-3-12802'>\n\t\t\t\tWHITMAN <a href=\"https:\/\/caravanaamericana.com\/whitman-destination\/\" target=\"_blank\" rel=\"noopener noreferrer\"><\/a><br \/>\n\t\t\t\t<\/figcaption><\/figure>\n<figure class='gallery-item'>\n\t\t\t\t<a data-elementor-open-lightbox=\"yes\" data-elementor-lightbox-slideshow=\"72b13cf\" data-elementor-lightbox-title=\"SAUQA CUADRADA\" data-e-action-hash=\"#elementor-action%3Aaction%3Dlightbox%26settings%3DeyJpZCI6MTI3NzIsInVybCI6Imh0dHBzOlwvXC9jYXJhdmFuYWFtZXJpY2FuYS5jb21cL3dwLWNvbnRlbnRcL3VwbG9hZHNcLzIwMjRcLzAxXC9TQVVRQS1DVUFEUkFEQS5qcGciLCJzbGlkZXNob3ciOiI3MmIxM2NmIn0%3D\" href='https:\/\/caravanaamericana.com\/sauqa-cuadrada\/'><img loading=\"lazy\" width=\"300\" height=\"300\" src=\"https:\/\/caravanaamericana.com\/wp-content\/uploads\/2024\/01\/SAUQA-CUADRADA.jpg\" alt=\"\" aria-describedby=\"gallery-3-12772\" decoding=\"async\" loading=\"lazy\" srcset=\"https:\/\/caravanaamericana.com\/wp-content\/uploads\/2024\/01\/SAUQA-CUADRADA.jpg 300w, https:\/\/caravanaamericana.com\/wp-content\/uploads\/2024\/01\/SAUQA-CUADRADA-150x150.jpg 150w\" sizes=\"auto, (max-width: 300px) 100vw, 300px\" \/><\/a><figcaption class='wp-caption-text gallery-caption' id='gallery-3-12772'>\n\t\t\t\tWISQA <a href=\"https:\/\/caravanaamericana.com\/wisqa-destination\/\" target=\"_blank\" rel=\"noopener noreferrer\"><\/a><br \/>\n\t\t\t\t<\/figcaption><\/figure>\n<figure class='gallery-item'>\n\t\t\t\t<a data-elementor-open-lightbox=\"yes\" data-elementor-lightbox-slideshow=\"72b13cf\" data-elementor-lightbox-title=\"Xaquixe-disenadorca14\" data-e-action-hash=\"#elementor-action%3Aaction%3Dlightbox%26settings%3DeyJpZCI6OTIxNiwidXJsIjoiaHR0cHM6XC9cL2NhcmF2YW5hYW1lcmljYW5hLmNvbVwvd3AtY29udGVudFwvdXBsb2Fkc1wvMjAyM1wvMDJcL1hhcXVpeGUtZGlzZW5hZG9yY2ExNC5qcGciLCJzbGlkZXNob3ciOiI3MmIxM2NmIn0%3D\" href='https:\/\/caravanaamericana.com\/xaquixe-disenadorca14\/'><img loading=\"lazy\" width=\"300\" height=\"300\" src=\"https:\/\/caravanaamericana.com\/wp-content\/uploads\/2023\/02\/Xaquixe-disenadorca14-300x300.jpg\" alt=\"\" aria-describedby=\"gallery-3-9216\" decoding=\"async\" loading=\"lazy\" srcset=\"https:\/\/caravanaamericana.com\/wp-content\/uploads\/2023\/02\/Xaquixe-disenadorca14.jpg 300w, https:\/\/caravanaamericana.com\/wp-content\/uploads\/2023\/02\/Xaquixe-disenadorca14-150x150.jpg 150w\" sizes=\"auto, (max-width: 300px) 100vw, 300px\" \/><\/a><figcaption class='wp-caption-text gallery-caption' id='gallery-3-9216'>\n\t\t\t\tXAQUIXE <a href=\"https:\/\/caravanaamericana.com\/xaquixe-caravana-14\/\" target=\"_blank\" rel=\"noopener noreferrer\"><\/a><br \/>\n\t\t\t\t<\/figcaption><\/figure>\n<h2>REGISTRO COMPRADORES PROFESIONALES<\/h2>\n<p style=\"text-align: center;\">\u00bfEres un comprador profesional?<br \/>Reg\u00edstrate ahora como buyer (comprador profesional) para esta edici\u00f3n de Caravana Americana.<\/p>\n<p>\t\t\t<a href=\"https:\/\/caravanaamericana.typeform.com\/to\/mLrcr35b\" target=\"_blank\" rel=\"nofollow noopener\" role=\"button\"><br \/>\n\t\t\t\t\t\tABIERTO<br \/>\n\t\t\t\t\t<\/a><\/p>\n<h2>REGISTRO A P\u00daBLICO EN GENERAL<\/h2>\n<p style=\"text-align: center;\">\u00bfTe gustar\u00eda asistir a nuestra siguiente edici\u00f3n?<\/p>\n<p style=\"text-align: center;\">Reg\u00edstrate gratis ahora y recibe tu pase para entrar al evento durante todo el fin de semana.<\/p>\n<p>\t\t\t<a href=\"https:\/\/caravanaamericana.typeform.com\/to\/VkV0ywjl\" target=\"_blank\" rel=\"nofollow noopener\" role=\"button\"><br \/>\n\t\t\t\t\t\tABIERTO<br \/>\n\t\t\t\t\t<\/a><\/p>\n","protected":false},"excerpt":{"rendered":"<p>Caravana Destination AND JACOB ADRIANA SANTACRUZ AGNES AMENAS ARMADILLO ASIAN STORY AURUM INTENSE BOCA CACHARRO MUCI\u00d1O COBA JEWELRY COLECTIVO 1050\u00b0 CUBANA ROPA DE MAR CUATA COLORINDIO ESTUDIO POMELO FAOBA FENOMENA HOMBRE NECIO ISHI KENDA SHOES LUISA L\u00d3PEZ MASA TALLER METRIC NANA MANOS ARTESANAS SUBTROPICALIA TALIA BAKER TAKA STUDIO TUNA JEWEL PROJECT VOSH WHITMAN WISQA XAQUIXE [&hellip;]<\/p>\n","protected":false},"author":7,"featured_media":0,"parent":0,"menu_order":0,"comment_status":"closed","ping_status":"closed","template":"elementor_header_footer","meta":{"footnotes":""},"class_list":["post-12588","page","type-page","status-publish","hentry"],"translation":{"provider":"WPGlobus","version":"3.0.0","language":"en","enabled_languages":["es","en"],"languages":{"es":{"title":true,"content":true,"excerpt":false},"en":{"title":true,"content":true,"excerpt":false}}},"aioseo_notices":[],"aioseo_head":"\n\t\t<!-- All in One SEO 4.9.9 - aioseo.com -->\n\t<meta name=\"description\" content=\"Caravana Destination REGISTRO COMPRADORES PROFESIONALES \u00bfEres un comprador profesional?Reg\u00edstrate ahora como buyer (comprador profesional) para esta edici\u00f3n de Caravana Americana. ABIERTO REGISTRO A P\u00daBLICO EN GENERAL \u00bfTe gustar\u00eda asistir a nuestra siguiente edici\u00f3n? Reg\u00edstrate gratis ahora y recibe tu pase para entrar al evento durante todo el fin de semana. ABIERTO\" \/>\n\t<meta name=\"robots\" content=\"max-image-preview:large\" \/>\n\t<link rel=\"canonical\" href=\"https:\/\/caravanaamericana.com\/en\/caravana-destination\/\" \/>\n\t<meta name=\"generator\" content=\"All in One SEO (AIOSEO) 4.9.9\" \/>\n\t\t<meta property=\"og:locale\" content=\"en_US\" \/>\n\t\t<meta property=\"og:site_name\" content=\"Caravana Americana by LAGO | El mejor dise\u00f1o de Latinoam\u00e9rica reunido en M\u00e9xico - Caravana Americana gathers the very best of contemporary design from across Latin America.\" \/>\n\t\t<meta property=\"og:type\" content=\"article\" \/>\n\t\t<meta property=\"og:title\" content=\"DESIGNERS - Caravana Americana by LAGO | El mejor dise\u00f1o de Latinoam\u00e9rica reunido en M\u00e9xico\" \/>\n\t\t<meta property=\"og:description\" content=\"Caravana Destination REGISTRO COMPRADORES PROFESIONALES \u00bfEres un comprador profesional?Reg\u00edstrate ahora como buyer (comprador profesional) para esta edici\u00f3n de Caravana Americana. ABIERTO REGISTRO A P\u00daBLICO EN GENERAL \u00bfTe gustar\u00eda asistir a nuestra siguiente edici\u00f3n? Reg\u00edstrate gratis ahora y recibe tu pase para entrar al evento durante todo el fin de semana. ABIERTO\" \/>\n\t\t<meta property=\"og:url\" content=\"https:\/\/caravanaamericana.com\/en\/caravana-destination\/\" \/>\n\t\t<meta property=\"article:published_time\" content=\"2024-01-03T23:36:52+00:00\" \/>\n\t\t<meta property=\"article:modified_time\" content=\"2024-02-01T01:51:49+00:00\" \/>\n\t\t<meta name=\"twitter:card\" content=\"summary_large_image\" \/>\n\t\t<meta name=\"twitter:title\" content=\"DESIGNERS - Caravana Americana by LAGO | El mejor dise\u00f1o de Latinoam\u00e9rica reunido en M\u00e9xico\" \/>\n\t\t<meta name=\"twitter:description\" content=\"Caravana Destination REGISTRO COMPRADORES PROFESIONALES \u00bfEres un comprador profesional?Reg\u00edstrate ahora como buyer (comprador profesional) para esta edici\u00f3n de Caravana Americana. ABIERTO REGISTRO A P\u00daBLICO EN GENERAL \u00bfTe gustar\u00eda asistir a nuestra siguiente edici\u00f3n? Reg\u00edstrate gratis ahora y recibe tu pase para entrar al evento durante todo el fin de semana. ABIERTO\" \/>\n\t\t<script type=\"application\/ld+json\" class=\"aioseo-schema\">\n\t\t\t{\"@context\":\"https:\\\/\\\/schema.org\",\"@graph\":[{\"@type\":\"BreadcrumbList\",\"@id\":\"https:\\\/\\\/caravanaamericana.com\\\/en\\\/caravana-destination\\\/#breadcrumblist\",\"itemListElement\":[{\"@type\":\"ListItem\",\"@id\":\"https:\\\/\\\/caravanaamericana.com\\\/en#listItem\",\"position\":1,\"name\":\"Home\",\"item\":\"https:\\\/\\\/caravanaamericana.com\\\/en\",\"nextItem\":{\"@type\":\"ListItem\",\"@id\":\"https:\\\/\\\/caravanaamericana.com\\\/en\\\/caravana-destination\\\/#listItem\",\"name\":\"DESIGNERS\"}},{\"@type\":\"ListItem\",\"@id\":\"https:\\\/\\\/caravanaamericana.com\\\/en\\\/caravana-destination\\\/#listItem\",\"position\":2,\"name\":\"DESIGNERS\",\"previousItem\":{\"@type\":\"ListItem\",\"@id\":\"https:\\\/\\\/caravanaamericana.com\\\/en#listItem\",\"name\":\"Home\"}}]},{\"@type\":\"Organization\",\"@id\":\"https:\\\/\\\/caravanaamericana.com\\\/en\\\/#organization\",\"name\":\"{:en}Caravana Americana by LAGO | El mejor dise\\u00f1o de Latinoam\\u00e9rica reunido en M\\u00e9xico{:}{:es}Caravana Americana by LAGO | The best design of Latin America gathered in Mexico.{:}\",\"description\":\"Caravana Americana gathers the very best of contemporary design from across Latin America.\",\"url\":\"https:\\\/\\\/caravanaamericana.com\\\/en\\\/\"},{\"@type\":\"WebPage\",\"@id\":\"https:\\\/\\\/caravanaamericana.com\\\/en\\\/caravana-destination\\\/#webpage\",\"url\":\"https:\\\/\\\/caravanaamericana.com\\\/en\\\/caravana-destination\\\/\",\"name\":\"DESIGNERS - Caravana Americana by LAGO | El mejor dise\\u00f1o de Latinoam\\u00e9rica reunido en M\\u00e9xico\",\"description\":\"Caravana Destination REGISTRO COMPRADORES PROFESIONALES \\u00bfEres un comprador profesional?Reg\\u00edstrate ahora como buyer (comprador profesional) para esta edici\\u00f3n de Caravana Americana. ABIERTO REGISTRO A P\\u00daBLICO EN GENERAL \\u00bfTe gustar\\u00eda asistir a nuestra siguiente edici\\u00f3n? Reg\\u00edstrate gratis ahora y recibe tu pase para entrar al evento durante todo el fin de semana. ABIERTO\",\"inLanguage\":\"en-US\",\"isPartOf\":{\"@id\":\"https:\\\/\\\/caravanaamericana.com\\\/en\\\/#website\"},\"breadcrumb\":{\"@id\":\"https:\\\/\\\/caravanaamericana.com\\\/en\\\/caravana-destination\\\/#breadcrumblist\"},\"datePublished\":\"2024-01-03T18:36:52-05:00\",\"dateModified\":\"2024-01-31T20:51:49-05:00\"},{\"@type\":\"WebSite\",\"@id\":\"https:\\\/\\\/caravanaamericana.com\\\/en\\\/#website\",\"url\":\"https:\\\/\\\/caravanaamericana.com\\\/en\\\/\",\"name\":\"{:en}Caravana Americana by LAGO | El mejor dise\\u00f1o de Latinoam\\u00e9rica reunido en M\\u00e9xico{:}{:es}Caravana Americana by LAGO | The best design of Latin America gathered in Mexico.{:}\",\"description\":\"Caravana Americana gathers the very best of contemporary design from across Latin America.\",\"inLanguage\":\"en-US\",\"publisher\":{\"@id\":\"https:\\\/\\\/caravanaamericana.com\\\/en\\\/#organization\"}}]}\n\t\t<\/script>\n\t\t<!-- All in One SEO -->\n\n","aioseo_head_json":{"title":"DESIGNERS - Caravana Americana by LAGO | El mejor dise\u00f1o de Latinoam\u00e9rica reunido en M\u00e9xico","description":"Caravana Destination REGISTRO COMPRADORES PROFESIONALES \u00bfEres un comprador profesional?Reg\u00edstrate ahora como buyer (comprador profesional) para esta edici\u00f3n de Caravana Americana. ABIERTO REGISTRO A P\u00daBLICO EN GENERAL \u00bfTe gustar\u00eda asistir a nuestra siguiente edici\u00f3n? Reg\u00edstrate gratis ahora y recibe tu pase para entrar al evento durante todo el fin de semana. ABIERTO","canonical_url":"https:\/\/caravanaamericana.com\/en\/caravana-destination\/","robots":"max-image-preview:large","keywords":"","webmasterTools":{"miscellaneous":""},"schema":{"@context":"https:\/\/schema.org","@graph":[{"@type":"BreadcrumbList","@id":"https:\/\/caravanaamericana.com\/en\/caravana-destination\/#breadcrumblist","itemListElement":[{"@type":"ListItem","@id":"https:\/\/caravanaamericana.com\/en#listItem","position":1,"name":"Home","item":"https:\/\/caravanaamericana.com\/en","nextItem":{"@type":"ListItem","@id":"https:\/\/caravanaamericana.com\/en\/caravana-destination\/#listItem","name":"DESIGNERS"}},{"@type":"ListItem","@id":"https:\/\/caravanaamericana.com\/en\/caravana-destination\/#listItem","position":2,"name":"DESIGNERS","previousItem":{"@type":"ListItem","@id":"https:\/\/caravanaamericana.com\/en#listItem","name":"Home"}}]},{"@type":"Organization","@id":"https:\/\/caravanaamericana.com\/en\/#organization","name":"{:en}Caravana Americana by LAGO | El mejor dise\u00f1o de Latinoam\u00e9rica reunido en M\u00e9xico{:}{:es}Caravana Americana by LAGO | The best design of Latin America gathered in Mexico.{:}","description":"Caravana Americana gathers the very best of contemporary design from across Latin America.","url":"https:\/\/caravanaamericana.com\/en\/"},{"@type":"WebPage","@id":"https:\/\/caravanaamericana.com\/en\/caravana-destination\/#webpage","url":"https:\/\/caravanaamericana.com\/en\/caravana-destination\/","name":"DESIGNERS - Caravana Americana by LAGO | El mejor dise\u00f1o de Latinoam\u00e9rica reunido en M\u00e9xico","description":"Caravana Destination REGISTRO COMPRADORES PROFESIONALES \u00bfEres un comprador profesional?Reg\u00edstrate ahora como buyer (comprador profesional) para esta edici\u00f3n de Caravana Americana. ABIERTO REGISTRO A P\u00daBLICO EN GENERAL \u00bfTe gustar\u00eda asistir a nuestra siguiente edici\u00f3n? Reg\u00edstrate gratis ahora y recibe tu pase para entrar al evento durante todo el fin de semana. ABIERTO","inLanguage":"en-US","isPartOf":{"@id":"https:\/\/caravanaamericana.com\/en\/#website"},"breadcrumb":{"@id":"https:\/\/caravanaamericana.com\/en\/caravana-destination\/#breadcrumblist"},"datePublished":"2024-01-03T18:36:52-05:00","dateModified":"2024-01-31T20:51:49-05:00"},{"@type":"WebSite","@id":"https:\/\/caravanaamericana.com\/en\/#website","url":"https:\/\/caravanaamericana.com\/en\/","name":"{:en}Caravana Americana by LAGO | El mejor dise\u00f1o de Latinoam\u00e9rica reunido en M\u00e9xico{:}{:es}Caravana Americana by LAGO | The best design of Latin America gathered in Mexico.{:}","description":"Caravana Americana gathers the very best of contemporary design from across Latin America.","inLanguage":"en-US","publisher":{"@id":"https:\/\/caravanaamericana.com\/en\/#organization"}}]},"og:locale":"en_US","og:site_name":"Caravana Americana by LAGO | El mejor dise\u00f1o de Latinoam\u00e9rica reunido en M\u00e9xico - Caravana Americana gathers the very best of contemporary design from across Latin America.","og:type":"article","og:title":"DESIGNERS - Caravana Americana by LAGO | El mejor dise\u00f1o de Latinoam\u00e9rica reunido en M\u00e9xico","og:description":"Caravana Destination REGISTRO COMPRADORES PROFESIONALES \u00bfEres un comprador profesional?Reg\u00edstrate ahora como buyer (comprador profesional) para esta edici\u00f3n de Caravana Americana. ABIERTO REGISTRO A P\u00daBLICO EN GENERAL \u00bfTe gustar\u00eda asistir a nuestra siguiente edici\u00f3n? Reg\u00edstrate gratis ahora y recibe tu pase para entrar al evento durante todo el fin de semana. ABIERTO","og:url":"https:\/\/caravanaamericana.com\/en\/caravana-destination\/","article:published_time":"2024-01-03T23:36:52+00:00","article:modified_time":"2024-02-01T01:51:49+00:00","twitter:card":"summary_large_image","twitter:title":"DESIGNERS - Caravana Americana by LAGO | El mejor dise\u00f1o de Latinoam\u00e9rica reunido en M\u00e9xico","twitter:description":"Caravana Destination REGISTRO COMPRADORES PROFESIONALES \u00bfEres un comprador profesional?Reg\u00edstrate ahora como buyer (comprador profesional) para esta edici\u00f3n de Caravana Americana. ABIERTO REGISTRO A P\u00daBLICO EN GENERAL \u00bfTe gustar\u00eda asistir a nuestra siguiente edici\u00f3n? Reg\u00edstrate gratis ahora y recibe tu pase para entrar al evento durante todo el fin de semana. ABIERTO"},"aioseo_meta_data":{"post_id":"12588","title":null,"description":null,"keywords":null,"keyphrases":null,"primary_term":null,"canonical_url":null,"og_title":null,"og_description":null,"og_object_type":"default","og_image_type":"default","og_image_url":null,"og_image_width":null,"og_image_height":null,"og_image_custom_url":null,"og_image_custom_fields":null,"og_video":null,"og_custom_url":null,"og_article_section":null,"og_article_tags":null,"twitter_use_og":false,"twitter_card":"default","twitter_image_type":"default","twitter_image_url":null,"twitter_image_custom_url":null,"twitter_image_custom_fields":null,"twitter_title":null,"twitter_description":null,"schema":{"blockGraphs":[],"customGraphs":[],"default":{"data":{"Article":[],"Course":[],"Dataset":[],"FAQPage":[],"Movie":[],"Person":[],"Product":[],"ProductReview":[],"Car":[],"Recipe":[],"Service":[],"SoftwareApplication":[],"WebPage":[]},"graphName":"","isEnabled":true},"graphs":[]},"schema_type":"default","schema_type_options":null,"pillar_content":false,"robots_default":true,"robots_noindex":false,"robots_noarchive":false,"robots_nosnippet":false,"robots_nofollow":false,"robots_noimageindex":false,"robots_noodp":false,"robots_notranslate":false,"robots_max_snippet":null,"robots_max_videopreview":null,"robots_max_imagepreview":"large","priority":null,"frequency":null,"local_seo":null,"limit_modified_date":false,"created":"2024-01-04 03:16:54","updated":"2024-02-01 01:52:58","ai":null,"breadcrumb_settings":null,"seo_analyzer_scan_date":null},"aioseo_breadcrumb":"<div class=\"aioseo-breadcrumbs\"><span class=\"aioseo-breadcrumb\">\n\t\t\t<a href=\"https:\/\/caravanaamericana.com\/en\" title=\"Home\">Home<\/a>\n\t\t<\/span><span class=\"aioseo-breadcrumb-separator\">&raquo;<\/span><span class=\"aioseo-breadcrumb\">\n\t\t\tDESIGNERS\n\t\t<\/span><\/div>","aioseo_breadcrumb_json":[{"label":"Home","link":"https:\/\/caravanaamericana.com\/en"},{"label":"DESIGNERS","link":"https:\/\/caravanaamericana.com\/en\/caravana-destination\/"}],"_links":{"self":[{"href":"https:\/\/caravanaamericana.com\/en\/wp-json\/wp\/v2\/pages\/12588","targetHints":{"allow":["GET"]}}],"collection":[{"href":"https:\/\/caravanaamericana.com\/en\/wp-json\/wp\/v2\/pages"}],"about":[{"href":"https:\/\/caravanaamericana.com\/en\/wp-json\/wp\/v2\/types\/page"}],"author":[{"embeddable":true,"href":"https:\/\/caravanaamericana.com\/en\/wp-json\/wp\/v2\/users\/7"}],"replies":[{"embeddable":true,"href":"https:\/\/caravanaamericana.com\/en\/wp-json\/wp\/v2\/comments?post=12588"}],"version-history":[{"count":71,"href":"https:\/\/caravanaamericana.com\/en\/wp-json\/wp\/v2\/pages\/12588\/revisions"}],"predecessor-version":[{"id":12850,"href":"https:\/\/caravanaamericana.com\/en\/wp-json\/wp\/v2\/pages\/12588\/revisions\/12850"}],"wp:attachment":[{"href":"https:\/\/caravanaamericana.com\/en\/wp-json\/wp\/v2\/media?parent=12588"}],"curies":[{"name":"wp","href":"https:\/\/api.w.org\/{rel}","templated":true}]}}