{"id":4,"date":"2019-06-20T14:11:48","date_gmt":"2019-06-20T14:11:48","guid":{"rendered":"http:\/\/caravanaamericana.com\/?page_id=3"},"modified":"2019-06-29T00:41:43","modified_gmt":"2019-06-29T00:41:43","slug":"aviso-de-privacidad","status":"publish","type":"page","link":"https:\/\/caravanaamericana.com\/en\/aviso-de-privacidad\/","title":{"rendered":"Aviso de privacidad"},"content":{"rendered":"\n<p class=\"wp-block-paragraph\">CARAVANA AMERICANA S.A.P.I. DE C.V. CON DOMICILIO FISCAL EN EMILIO CASTELAR 209 2B COLONIA POLANCO 11560 M\u00c9XICO D.F. ES RESPONSABLE DE RECABAR SUS DATOS PERSONALES, DEL USO QUE SE LE DE A LOS MISMOS AS\u00cd COMO DE SU PROTECCI\u00d3N.<\/p>\n\n\n\n<p class=\"wp-block-paragraph\">RECABAMOS SUS DATOS PERSONALES DE FORMA DIRECTA CUANDO USTED MISMO NOS LOS PROPORCIONA POR DIVERSOS MEDIOS, COMO:<\/p>\n\n\n\n<p class=\"wp-block-paragraph\">SUSCRIPCI\u00d3N INDIVIDUAL EN NUESTRA P\u00c1GINA DE INTERNET&nbsp;CARAVANAAMERICANA.COM Y FACEBOOK.COM\/CARAVANAAM.<\/p>\n\n\n\n<p class=\"wp-block-paragraph\">SUS DATOS PERSONALES SER\u00c1N UTILIZADOS PARA LAS SIGUIENTES FINALIDADES:<\/p>\n\n\n\n<ul class=\"wp-block-list\"><li>GENERAR UNA BASE DE DATOS DE DISE\u00d1ADORES Y DE VISITAS POSIBLES A NUESTRO EVENTO.<\/li><\/ul>\n\n\n\n<p class=\"wp-block-paragraph\">PARA LAS FINALIDADES SE\u00d1ALADAS EN EL PRESENTE AVISO DE PRIVACIDAD, PODEMOS RECABAR SUS DATOS PERSONALES COMO:<\/p>\n\n\n\n<ul class=\"wp-block-list\"><li>Nombre.<\/li><li>Apellido Paterno.<\/li><li>Apellido Materno.<\/li><li>Tel\u00e9fono.<\/li><li>Celular.<\/li><li>E-mail.<\/li><li>Fotograf\u00edas.<\/li><li>Informaci\u00f3n de la marca.<\/li><\/ul>\n\n\n\n<p class=\"wp-block-paragraph\">LE INFORMAMOS QUE PARA CUMPLIR CON LAS FINALIDADES PREVISTAS EN ESTE AVISO DE PRIVACIDAD, NO SER\u00c1N RECABADOS Y TRATADOS DATOS PERSONALES SENSIBLES, COMO AQU\u00c9LLOS QUE REFIEREN A INFORMACI\u00d3N FINANCIERA B\u00c1SICA.<\/p>\n\n\n\n<p class=\"wp-block-paragraph\">USTED TIENE DERECHO DE ACCEDER, RECTIFICAR Y CANCELAR SUS DATOS PERSONALES, AS\u00cd COMO DE OPONERSE AL TRATAMIENTO DE LOS MISMOS O REVOCAR EL CONSENTIMIENTO QUE PARA TAL FIN NOS HAYA OTORGADO, A TRAV\u00c9S DE LOS PROCEDIMIENTOS QUE HEMOS IMPLEMENTADO. PARA CONOCER DICHOS PROCEDIMIENTOS, LOS REQUISITOS Y PLAZOS, SE PUEDE PONER EN CONTACTO CON NUESTRO DEPARTAMENTO DE DATOS PERSONALES EN EMILIO CASTELAR 209 2B COLONIA POLANCO 11560 MEXICO D.F. TEL. (55)5568405279 O AL CORREO ELECTR\u00d3NICO EXPO@CARAVANAAMERICANA.COM, O VISITAR NUESTRA P\u00c1GINA DE INTERNET CARAVANAAMERICANA.COM<\/p>\n\n\n\n<p class=\"wp-block-paragraph\">SI USTED DESEA DEJAR DE RECIBIR MENSAJES PROMOCIONALES DE NUESTRA PARTE, PUEDE SOLICITARLO A TRAV\u00c9S DEL TEL\u00c9FONO (55)5568405279, AL CORREO ELECTR\u00d3NICO EXPO@CARAVANAAMERICANA.COM O EN EL SIGUIENTE DOMICILIO EMILIO CASTELAR 209 2B COLONIA POLANCO 11560 MEXICO D.F.<\/p>\n\n\n\n<p class=\"wp-block-paragraph\">CUALQUIER MODIFICACI\u00d3N A ESTE AVISO DE PRIVACIDAD PODR\u00c1 CONSULTARLA EN&nbsp;CARAVANAAMERICANA.COM<\/p>\n\n\n\n<p class=\"wp-block-paragraph\">FECHA \u00daLTIMA ACTUALIZACI\u00d3N 20 DE JUNIO DE 2019<\/p>\n","protected":false},"excerpt":{"rendered":"<p>CARAVANA AMERICANA S.A.P.I. DE C.V. CON DOMICILIO FISCAL EN EMILIO CASTELAR 209 2B COLONIA POLANCO 11560 M\u00c9XICO D.F. ES RESPONSABLE DE RECABAR SUS DATOS PERSONALES, DEL USO QUE SE LE DE A LOS MISMOS AS\u00cd COMO DE SU PROTECCI\u00d3N. RECABAMOS SUS DATOS PERSONALES DE FORMA DIRECTA CUANDO USTED MISMO NOS LOS PROPORCIONA POR DIVERSOS MEDIOS, [&hellip;]<\/p>\n","protected":false},"author":2,"featured_media":0,"parent":0,"menu_order":0,"comment_status":"closed","ping_status":"open","template":"","meta":{"footnotes":""},"class_list":["post-4","page","type-page","status-publish","hentry"],"translation":{"provider":"WPGlobus","version":"3.0.0","language":"en","enabled_languages":["es","en"],"languages":{"es":{"title":true,"content":true,"excerpt":false},"en":{"title":false,"content":false,"excerpt":false}}},"aioseo_notices":[],"aioseo_head":"\n\t\t<!-- All in One SEO 4.9.9 - aioseo.com -->\n\t<meta name=\"description\" content=\"CARAVANA AMERICANA S.A.P.I. DE C.V. CON DOMICILIO FISCAL EN EMILIO CASTELAR 209 2B COLONIA POLANCO 11560 M\u00c9XICO D.F. ES RESPONSABLE DE RECABAR SUS DATOS PERSONALES, DEL USO QUE SE LE DE A LOS MISMOS AS\u00cd COMO DE SU PROTECCI\u00d3N. RECABAMOS SUS DATOS PERSONALES DE FORMA DIRECTA CUANDO USTED MISMO NOS LOS PROPORCIONA POR DIVERSOS MEDIOS,\" \/>\n\t<meta name=\"robots\" content=\"max-image-preview:large\" \/>\n\t<link rel=\"canonical\" href=\"https:\/\/caravanaamericana.com\/en\/aviso-de-privacidad\/\" \/>\n\t<meta name=\"generator\" content=\"All in One SEO (AIOSEO) 4.9.9\" \/>\n\t\t<meta property=\"og:locale\" content=\"en_US\" \/>\n\t\t<meta property=\"og:site_name\" content=\"Caravana Americana by LAGO | El mejor dise\u00f1o de Latinoam\u00e9rica reunido en M\u00e9xico - Caravana Americana gathers the very best of contemporary design from across Latin America.\" \/>\n\t\t<meta property=\"og:type\" content=\"article\" \/>\n\t\t<meta property=\"og:title\" content=\"Aviso de privacidad - Caravana Americana by LAGO | El mejor dise\u00f1o de Latinoam\u00e9rica reunido en M\u00e9xico\" \/>\n\t\t<meta property=\"og:description\" content=\"CARAVANA AMERICANA S.A.P.I. DE C.V. CON DOMICILIO FISCAL EN EMILIO CASTELAR 209 2B COLONIA POLANCO 11560 M\u00c9XICO D.F. ES RESPONSABLE DE RECABAR SUS DATOS PERSONALES, DEL USO QUE SE LE DE A LOS MISMOS AS\u00cd COMO DE SU PROTECCI\u00d3N. RECABAMOS SUS DATOS PERSONALES DE FORMA DIRECTA CUANDO USTED MISMO NOS LOS PROPORCIONA POR DIVERSOS MEDIOS,\" \/>\n\t\t<meta property=\"og:url\" content=\"https:\/\/caravanaamericana.com\/en\/aviso-de-privacidad\/\" \/>\n\t\t<meta property=\"article:published_time\" content=\"2019-06-20T14:11:48+00:00\" \/>\n\t\t<meta property=\"article:modified_time\" content=\"2019-06-29T00:41:43+00:00\" \/>\n\t\t<meta name=\"twitter:card\" content=\"summary_large_image\" \/>\n\t\t<meta name=\"twitter:title\" content=\"Aviso de privacidad - Caravana Americana by LAGO | El mejor dise\u00f1o de Latinoam\u00e9rica reunido en M\u00e9xico\" \/>\n\t\t<meta name=\"twitter:description\" content=\"CARAVANA AMERICANA S.A.P.I. DE C.V. CON DOMICILIO FISCAL EN EMILIO CASTELAR 209 2B COLONIA POLANCO 11560 M\u00c9XICO D.F. ES RESPONSABLE DE RECABAR SUS DATOS PERSONALES, DEL USO QUE SE LE DE A LOS MISMOS AS\u00cd COMO DE SU PROTECCI\u00d3N. RECABAMOS SUS DATOS PERSONALES DE FORMA DIRECTA CUANDO USTED MISMO NOS LOS PROPORCIONA POR DIVERSOS MEDIOS,\" \/>\n\t\t<script type=\"application\/ld+json\" class=\"aioseo-schema\">\n\t\t\t{\"@context\":\"https:\\\/\\\/schema.org\",\"@graph\":[{\"@type\":\"BreadcrumbList\",\"@id\":\"https:\\\/\\\/caravanaamericana.com\\\/en\\\/aviso-de-privacidad\\\/#breadcrumblist\",\"itemListElement\":[{\"@type\":\"ListItem\",\"@id\":\"https:\\\/\\\/caravanaamericana.com\\\/en#listItem\",\"position\":1,\"name\":\"Home\",\"item\":\"https:\\\/\\\/caravanaamericana.com\\\/en\",\"nextItem\":{\"@type\":\"ListItem\",\"@id\":\"https:\\\/\\\/caravanaamericana.com\\\/en\\\/aviso-de-privacidad\\\/#listItem\",\"name\":\"Aviso de privacidad\"}},{\"@type\":\"ListItem\",\"@id\":\"https:\\\/\\\/caravanaamericana.com\\\/en\\\/aviso-de-privacidad\\\/#listItem\",\"position\":2,\"name\":\"Aviso de privacidad\",\"previousItem\":{\"@type\":\"ListItem\",\"@id\":\"https:\\\/\\\/caravanaamericana.com\\\/en#listItem\",\"name\":\"Home\"}}]},{\"@type\":\"Organization\",\"@id\":\"https:\\\/\\\/caravanaamericana.com\\\/en\\\/#organization\",\"name\":\"{:en}Caravana Americana by LAGO | El mejor dise\\u00f1o de Latinoam\\u00e9rica reunido en M\\u00e9xico{:}{:es}Caravana Americana by LAGO | The best design of Latin America gathered in Mexico.{:}\",\"description\":\"Caravana Americana gathers the very best of contemporary design from across Latin America.\",\"url\":\"https:\\\/\\\/caravanaamericana.com\\\/en\\\/\"},{\"@type\":\"WebPage\",\"@id\":\"https:\\\/\\\/caravanaamericana.com\\\/en\\\/aviso-de-privacidad\\\/#webpage\",\"url\":\"https:\\\/\\\/caravanaamericana.com\\\/en\\\/aviso-de-privacidad\\\/\",\"name\":\"Aviso de privacidad - Caravana Americana by LAGO | El mejor dise\\u00f1o de Latinoam\\u00e9rica reunido en M\\u00e9xico\",\"description\":\"CARAVANA AMERICANA S.A.P.I. DE C.V. CON DOMICILIO FISCAL EN EMILIO CASTELAR 209 2B COLONIA POLANCO 11560 M\\u00c9XICO D.F. ES RESPONSABLE DE RECABAR SUS DATOS PERSONALES, DEL USO QUE SE LE DE A LOS MISMOS AS\\u00cd COMO DE SU PROTECCI\\u00d3N. RECABAMOS SUS DATOS PERSONALES DE FORMA DIRECTA CUANDO USTED MISMO NOS LOS PROPORCIONA POR DIVERSOS MEDIOS,\",\"inLanguage\":\"en-US\",\"isPartOf\":{\"@id\":\"https:\\\/\\\/caravanaamericana.com\\\/en\\\/#website\"},\"breadcrumb\":{\"@id\":\"https:\\\/\\\/caravanaamericana.com\\\/en\\\/aviso-de-privacidad\\\/#breadcrumblist\"},\"datePublished\":\"2019-06-20T14:11:48-05:00\",\"dateModified\":\"2019-06-29T00:41:43-05:00\"},{\"@type\":\"WebSite\",\"@id\":\"https:\\\/\\\/caravanaamericana.com\\\/en\\\/#website\",\"url\":\"https:\\\/\\\/caravanaamericana.com\\\/en\\\/\",\"name\":\"{:en}Caravana Americana by LAGO | El mejor dise\\u00f1o de Latinoam\\u00e9rica reunido en M\\u00e9xico{:}{:es}Caravana Americana by LAGO | The best design of Latin America gathered in Mexico.{:}\",\"description\":\"Caravana Americana gathers the very best of contemporary design from across Latin America.\",\"inLanguage\":\"en-US\",\"publisher\":{\"@id\":\"https:\\\/\\\/caravanaamericana.com\\\/en\\\/#organization\"}}]}\n\t\t<\/script>\n\t\t<!-- All in One SEO -->\n\n","aioseo_head_json":{"title":"Aviso de privacidad - Caravana Americana by LAGO | El mejor dise\u00f1o de Latinoam\u00e9rica reunido en M\u00e9xico","description":"CARAVANA AMERICANA S.A.P.I. DE C.V. CON DOMICILIO FISCAL EN EMILIO CASTELAR 209 2B COLONIA POLANCO 11560 M\u00c9XICO D.F. ES RESPONSABLE DE RECABAR SUS DATOS PERSONALES, DEL USO QUE SE LE DE A LOS MISMOS AS\u00cd COMO DE SU PROTECCI\u00d3N. RECABAMOS SUS DATOS PERSONALES DE FORMA DIRECTA CUANDO USTED MISMO NOS LOS PROPORCIONA POR DIVERSOS MEDIOS,","canonical_url":"https:\/\/caravanaamericana.com\/en\/aviso-de-privacidad\/","robots":"max-image-preview:large","keywords":"","webmasterTools":{"miscellaneous":""},"schema":{"@context":"https:\/\/schema.org","@graph":[{"@type":"BreadcrumbList","@id":"https:\/\/caravanaamericana.com\/en\/aviso-de-privacidad\/#breadcrumblist","itemListElement":[{"@type":"ListItem","@id":"https:\/\/caravanaamericana.com\/en#listItem","position":1,"name":"Home","item":"https:\/\/caravanaamericana.com\/en","nextItem":{"@type":"ListItem","@id":"https:\/\/caravanaamericana.com\/en\/aviso-de-privacidad\/#listItem","name":"Aviso de privacidad"}},{"@type":"ListItem","@id":"https:\/\/caravanaamericana.com\/en\/aviso-de-privacidad\/#listItem","position":2,"name":"Aviso de privacidad","previousItem":{"@type":"ListItem","@id":"https:\/\/caravanaamericana.com\/en#listItem","name":"Home"}}]},{"@type":"Organization","@id":"https:\/\/caravanaamericana.com\/en\/#organization","name":"{:en}Caravana Americana by LAGO | El mejor dise\u00f1o de Latinoam\u00e9rica reunido en M\u00e9xico{:}{:es}Caravana Americana by LAGO | The best design of Latin America gathered in Mexico.{:}","description":"Caravana Americana gathers the very best of contemporary design from across Latin America.","url":"https:\/\/caravanaamericana.com\/en\/"},{"@type":"WebPage","@id":"https:\/\/caravanaamericana.com\/en\/aviso-de-privacidad\/#webpage","url":"https:\/\/caravanaamericana.com\/en\/aviso-de-privacidad\/","name":"Aviso de privacidad - Caravana Americana by LAGO | El mejor dise\u00f1o de Latinoam\u00e9rica reunido en M\u00e9xico","description":"CARAVANA AMERICANA S.A.P.I. DE C.V. CON DOMICILIO FISCAL EN EMILIO CASTELAR 209 2B COLONIA POLANCO 11560 M\u00c9XICO D.F. ES RESPONSABLE DE RECABAR SUS DATOS PERSONALES, DEL USO QUE SE LE DE A LOS MISMOS AS\u00cd COMO DE SU PROTECCI\u00d3N. RECABAMOS SUS DATOS PERSONALES DE FORMA DIRECTA CUANDO USTED MISMO NOS LOS PROPORCIONA POR DIVERSOS MEDIOS,","inLanguage":"en-US","isPartOf":{"@id":"https:\/\/caravanaamericana.com\/en\/#website"},"breadcrumb":{"@id":"https:\/\/caravanaamericana.com\/en\/aviso-de-privacidad\/#breadcrumblist"},"datePublished":"2019-06-20T14:11:48-05:00","dateModified":"2019-06-29T00:41:43-05:00"},{"@type":"WebSite","@id":"https:\/\/caravanaamericana.com\/en\/#website","url":"https:\/\/caravanaamericana.com\/en\/","name":"{:en}Caravana Americana by LAGO | El mejor dise\u00f1o de Latinoam\u00e9rica reunido en M\u00e9xico{:}{:es}Caravana Americana by LAGO | The best design of Latin America gathered in Mexico.{:}","description":"Caravana Americana gathers the very best of contemporary design from across Latin America.","inLanguage":"en-US","publisher":{"@id":"https:\/\/caravanaamericana.com\/en\/#organization"}}]},"og:locale":"en_US","og:site_name":"Caravana Americana by LAGO | El mejor dise\u00f1o de Latinoam\u00e9rica reunido en M\u00e9xico - Caravana Americana gathers the very best of contemporary design from across Latin America.","og:type":"article","og:title":"Aviso de privacidad - Caravana Americana by LAGO | El mejor dise\u00f1o de Latinoam\u00e9rica reunido en M\u00e9xico","og:description":"CARAVANA AMERICANA S.A.P.I. DE C.V. CON DOMICILIO FISCAL EN EMILIO CASTELAR 209 2B COLONIA POLANCO 11560 M\u00c9XICO D.F. ES RESPONSABLE DE RECABAR SUS DATOS PERSONALES, DEL USO QUE SE LE DE A LOS MISMOS AS\u00cd COMO DE SU PROTECCI\u00d3N. RECABAMOS SUS DATOS PERSONALES DE FORMA DIRECTA CUANDO USTED MISMO NOS LOS PROPORCIONA POR DIVERSOS MEDIOS,","og:url":"https:\/\/caravanaamericana.com\/en\/aviso-de-privacidad\/","article:published_time":"2019-06-20T14:11:48+00:00","article:modified_time":"2019-06-29T00:41:43+00:00","twitter:card":"summary_large_image","twitter:title":"Aviso de privacidad - Caravana Americana by LAGO | El mejor dise\u00f1o de Latinoam\u00e9rica reunido en M\u00e9xico","twitter:description":"CARAVANA AMERICANA S.A.P.I. DE C.V. CON DOMICILIO FISCAL EN EMILIO CASTELAR 209 2B COLONIA POLANCO 11560 M\u00c9XICO D.F. ES RESPONSABLE DE RECABAR SUS DATOS PERSONALES, DEL USO QUE SE LE DE A LOS MISMOS AS\u00cd COMO DE SU PROTECCI\u00d3N. RECABAMOS SUS DATOS PERSONALES DE FORMA DIRECTA CUANDO USTED MISMO NOS LOS PROPORCIONA POR DIVERSOS MEDIOS,"},"aioseo_meta_data":{"post_id":"4","title":null,"description":null,"keywords":null,"keyphrases":null,"primary_term":null,"canonical_url":null,"og_title":null,"og_description":null,"og_object_type":"default","og_image_type":"default","og_image_url":null,"og_image_width":null,"og_image_height":null,"og_image_custom_url":null,"og_image_custom_fields":null,"og_video":null,"og_custom_url":null,"og_article_section":null,"og_article_tags":null,"twitter_use_og":false,"twitter_card":"default","twitter_image_type":"default","twitter_image_url":null,"twitter_image_custom_url":null,"twitter_image_custom_fields":null,"twitter_title":null,"twitter_description":null,"schema":{"blockGraphs":[],"customGraphs":[],"default":{"data":{"Article":[],"Course":[],"Dataset":[],"FAQPage":[],"Movie":[],"Person":[],"Product":[],"ProductReview":[],"Car":[],"Recipe":[],"Service":[],"SoftwareApplication":[],"WebPage":[]},"graphName":"","isEnabled":true},"graphs":[]},"schema_type":"default","schema_type_options":null,"pillar_content":false,"robots_default":true,"robots_noindex":false,"robots_noarchive":false,"robots_nosnippet":false,"robots_nofollow":false,"robots_noimageindex":false,"robots_noodp":false,"robots_notranslate":false,"robots_max_snippet":null,"robots_max_videopreview":null,"robots_max_imagepreview":"large","priority":null,"frequency":null,"local_seo":null,"limit_modified_date":false,"created":"2023-09-02 07:40:54","updated":"2026-09-06 03:47:49","ai":null,"breadcrumb_settings":null,"seo_analyzer_scan_date":null},"aioseo_breadcrumb":"<div class=\"aioseo-breadcrumbs\"><span class=\"aioseo-breadcrumb\">\n\t\t\t<a href=\"https:\/\/caravanaamericana.com\/en\" title=\"Home\">Home<\/a>\n\t\t<\/span><span class=\"aioseo-breadcrumb-separator\">&raquo;<\/span><span class=\"aioseo-breadcrumb\">\n\t\t\tAviso de privacidad\n\t\t<\/span><\/div>","aioseo_breadcrumb_json":[{"label":"Home","link":"https:\/\/caravanaamericana.com\/en"},{"label":"Aviso de privacidad","link":"https:\/\/caravanaamericana.com\/en\/aviso-de-privacidad\/"}],"_links":{"self":[{"href":"https:\/\/caravanaamericana.com\/en\/wp-json\/wp\/v2\/pages\/4","targetHints":{"allow":["GET"]}}],"collection":[{"href":"https:\/\/caravanaamericana.com\/en\/wp-json\/wp\/v2\/pages"}],"about":[{"href":"https:\/\/caravanaamericana.com\/en\/wp-json\/wp\/v2\/types\/page"}],"author":[{"embeddable":true,"href":"https:\/\/caravanaamericana.com\/en\/wp-json\/wp\/v2\/users\/2"}],"replies":[{"embeddable":true,"href":"https:\/\/caravanaamericana.com\/en\/wp-json\/wp\/v2\/comments?post=4"}],"version-history":[{"count":1,"href":"https:\/\/caravanaamericana.com\/en\/wp-json\/wp\/v2\/pages\/4\/revisions"}],"predecessor-version":[{"id":405,"href":"https:\/\/caravanaamericana.com\/en\/wp-json\/wp\/v2\/pages\/4\/revisions\/405"}],"wp:attachment":[{"href":"https:\/\/caravanaamericana.com\/en\/wp-json\/wp\/v2\/media?parent=4"}],"curies":[{"name":"wp","href":"https:\/\/api.w.org\/{rel}","templated":true}]}}